{"id":1013,"date":"2020-05-13T12:43:56","date_gmt":"2020-05-13T10:43:56","guid":{"rendered":"http:\/\/cloudces.myds.me\/reda\/icom\/personal-protection-equipment-ppe\/"},"modified":"2025-05-30T13:50:03","modified_gmt":"2025-05-30T11:50:03","slug":"equipo-de-proteccion-personal-ppe","status":"publish","type":"page","link":"https:\/\/icom.com.es\/es\/productos-servicios\/equipo-de-proteccion-personal-ppe\/","title":{"rendered":"Equipo de protecci\u00f3n personal (PPE)"},"content":{"rendered":"<p>[et_pb_section fb_built=\u00bb1&#8243; admin_label=\u00bbHeader\u00bb _builder_version=\u00bb4.16&#8243; background_enable_color=\u00bboff\u00bb background_image=\u00bbhttps:\/\/icom.com.es\/wp-content\/uploads\/2020\/05\/bg-header-03.jpg\u00bb saved_tabs=\u00bball\u00bb collapsed=\u00bboff\u00bb global_colors_info=\u00bb{}\u00bb][et_pb_row _builder_version=\u00bb4.16&#8243; global_colors_info=\u00bb{}\u00bb][et_pb_column type=\u00bb4_4&#8243; _builder_version=\u00bb4.16&#8243; global_colors_info=\u00bb{}\u00bb][et_pb_text admin_label=\u00bbProduct &#038; services\u00bb _builder_version=\u00bb4.16&#8243; header_font=\u00bb|600||on|||||\u00bb header_text_align=\u00bbcenter\u00bb header_font_size=\u00bb40px\u00bb background_layout=\u00bbdark\u00bb global_colors_info=\u00bb{}\u00bb]<\/p>\n<h1>Productos &amp; servicios<\/h1>\n<p>[\/et_pb_text][\/et_pb_column][\/et_pb_row][\/et_pb_section][et_pb_section fb_built=\u00bb1&#8243; _builder_version=\u00bb4.16&#8243; background_color=\u00bbrgba(255,255,255,0.25)\u00bb background_image=\u00bbhttps:\/\/icom.com.es\/wp-content\/uploads\/2020\/05\/home-hero-bg-bleu.svg\u00bb background_size=\u00bbcontain\u00bb background_position=\u00bbtop_center\u00bb background_blend=\u00bboverlay\u00bb custom_padding=\u00bb||30px|||\u00bb global_colors_info=\u00bb{}\u00bb][et_pb_row column_structure=\u00bb1_2,1_2&#8243; _builder_version=\u00bb4.16&#8243; global_colors_info=\u00bb{}\u00bb][et_pb_column type=\u00bb1_2&#8243; _builder_version=\u00bb4.16&#8243; global_colors_info=\u00bb{}\u00bb][et_pb_image src=\u00bbhttps:\/\/icom.com.es\/wp-content\/uploads\/2020\/04\/protection-equipment.jpg\u00bb title_text=\u00bbprotection-equipment\u00bb _builder_version=\u00bb4.16&#8243; global_colors_info=\u00bb{}\u00bb][\/et_pb_image][\/et_pb_column][et_pb_column type=\u00bb1_2&#8243; _builder_version=\u00bb4.16&#8243; global_colors_info=\u00bb{}\u00bb][et_pb_text admin_label=\u00bbTitre\u00bb _builder_version=\u00bb4.16&#8243; header_font=\u00bb|300|||||||\u00bb header_text_align=\u00bbleft\u00bb header_text_color=\u00bb#0a2c71&#8243; header_3_font=\u00bb|300||on|||||\u00bb header_3_text_align=\u00bbleft\u00bb header_3_text_color=\u00bb#0a2c71&#8243; header_3_font_size=\u00bb30px\u00bb header_3_line_height=\u00bb1.5em\u00bb header_4_font=\u00bb|||on|||||\u00bb header_4_text_align=\u00bbcenter\u00bb custom_margin=\u00bb||0px||false|false\u00bb global_colors_info=\u00bb{}\u00bb]<\/p>\n<h3>Equipo de protecci\u00f3n <strong>personal<\/strong><\/h3>\n<p>[\/et_pb_text][et_pb_divider color=\u00bb#ae0531&#8243; divider_weight=\u00bb2px\u00bb admin_label=\u00bbS\u00e9parateur\u00bb _builder_version=\u00bb4.16&#8243; width=\u00bb80px\u00bb module_alignment=\u00bbleft\u00bb custom_margin=\u00bb||||false|false\u00bb custom_padding=\u00bb||||false|false\u00bb animation_style=\u00bbslide\u00bb animation_direction=\u00bbbottom\u00bb locked=\u00bboff\u00bb global_colors_info=\u00bb{}\u00bb][\/et_pb_divider][et_pb_text _builder_version=\u00bb4.16&#8243; global_colors_info=\u00bb{}\u00bb]<\/p>\n<p>Su seguridad personal es nuestro negocio y nuestra mayor preocupaci\u00f3n. El EPP (Equipo de Protecci\u00f3n Personal) es esencial para la seguridad y protecci\u00f3n de todos los individuos en su obra. Es vital asegurarse de que todas las \u00e1reas vulnerables del cuerpo est\u00e9n protegidas por el EPP, incluyendo la protecci\u00f3n de la cabeza, protecci\u00f3n de los ojos, protecci\u00f3n de los o\u00eddos, equipo respiratorio, protecci\u00f3n de las manos, protecci\u00f3n de los pies y m\u00e1s.<\/p>\n<p>[\/et_pb_text][\/et_pb_column][\/et_pb_row][et_pb_row _builder_version=\u00bb4.16&#8243; global_colors_info=\u00bb{}\u00bb][et_pb_column type=\u00bb4_4&#8243; _builder_version=\u00bb4.16&#8243; global_colors_info=\u00bb{}\u00bb][et_pb_text _builder_version=\u00bb4.16&#8243; global_colors_info=\u00bb{}\u00bb]<\/p>\n<p><span style=\"font-size: 16px;\">Nuestra tienda de EPI incluye; Protecci\u00f3n de manos, que incluye una amplia variedad de guantes de protecci\u00f3n contra cortes, Protecci\u00f3n de pies, que incluye botas de seguridad con una variedad de caracter\u00edsticas de seguridad, Protecci\u00f3n de ojos, que incluye gafas y gafas protectoras de seguridad, Protecci\u00f3n de o\u00eddos, que incluye protectores de o\u00eddos y tapones de o\u00eddos, as\u00ed como Ropa de trabajo de alta visibilidad que cumple con las normas de seguridad necesarias.<\/span><\/p>\n<p>[\/et_pb_text][\/et_pb_column][\/et_pb_row][et_pb_row _builder_version=\u00bb4.16&#8243; custom_padding=\u00bb||25px|||\u00bb global_colors_info=\u00bb{}\u00bb][et_pb_column type=\u00bb4_4&#8243; _builder_version=\u00bb4.16&#8243; global_colors_info=\u00bb{}\u00bb][et_pb_text admin_label=\u00bbTitre\u00bb _builder_version=\u00bb4.16&#8243; header_font=\u00bb|300|||||||\u00bb header_text_color=\u00bb#0a2c71&#8243; header_3_font=\u00bb|300||on|||||\u00bb header_3_text_align=\u00bbcenter\u00bb header_3_text_color=\u00bb#0a2c71&#8243; header_3_font_size=\u00bb30px\u00bb header_3_line_height=\u00bb1.5em\u00bb custom_margin=\u00bb||0px||false|false\u00bb global_colors_info=\u00bb{}\u00bb]<\/p>\n<h3>ICOM puede<strong> proporcionar<\/strong> :<\/h3>\n<p>[\/et_pb_text][et_pb_divider color=\u00bb#ae0531&#8243; divider_weight=\u00bb2px\u00bb _builder_version=\u00bb4.16&#8243; width=\u00bb80px\u00bb module_alignment=\u00bbcenter\u00bb custom_margin=\u00bb||||false|false\u00bb custom_padding=\u00bb||||false|false\u00bb animation_style=\u00bbslide\u00bb animation_direction=\u00bbbottom\u00bb locked=\u00bboff\u00bb global_colors_info=\u00bb{}\u00bb][\/et_pb_divider][\/et_pb_column][\/et_pb_row][et_pb_row column_structure=\u00bb1_3,1_3,1_3&#8243; _builder_version=\u00bb4.16&#8243; global_colors_info=\u00bb{}\u00bb][et_pb_column type=\u00bb1_3&#8243; _builder_version=\u00bb4.16&#8243; global_colors_info=\u00bb{}\u00bb][et_pb_blurb title=\u00bbProtecci\u00f3n de la cabeza\u00bb image=\u00bbhttps:\/\/icom.com.es\/wp-content\/uploads\/2020\/05\/Head-Protection.jpg\u00bb admin_label=\u00bbCranes\u00bb _builder_version=\u00bb4.27.4&#8243; header_text_align=\u00bbcenter\u00bb link_option_url=\u00bb#\u00bb hover_enabled=\u00bb0&#8243; global_colors_info=\u00bb{}\u00bb title_text=\u00bbHead-Protection\u00bb sticky_enabled=\u00bb0&#8243;][\/et_pb_blurb][\/et_pb_column][et_pb_column type=\u00bb1_3&#8243; _builder_version=\u00bb4.16&#8243; global_colors_info=\u00bb{}\u00bb][et_pb_blurb title=\u00bbProtecci\u00f3n de ojos\u00bb image=\u00bbhttps:\/\/icom.com.es\/wp-content\/uploads\/2020\/05\/Eye-Protection.jpg\u00bb admin_label=\u00bbAerial lift\u00bb _builder_version=\u00bb4.27.4&#8243; header_text_align=\u00bbcenter\u00bb link_option_url=\u00bb#\u00bb hover_enabled=\u00bb0&#8243; global_colors_info=\u00bb{}\u00bb title_text=\u00bbEye-Protection\u00bb sticky_enabled=\u00bb0&#8243;][\/et_pb_blurb][\/et_pb_column][et_pb_column type=\u00bb1_3&#8243; _builder_version=\u00bb4.16&#8243; global_colors_info=\u00bb{}\u00bb][et_pb_blurb title=\u00bbProtecci\u00f3n del o\u00eddo\u00bb image=\u00bbhttps:\/\/icom.com.es\/wp-content\/uploads\/2020\/05\/Ear-Protection.jpg\u00bb admin_label=\u00bbTelehandler\u00bb _builder_version=\u00bb4.27.4&#8243; header_text_align=\u00bbcenter\u00bb link_option_url=\u00bb#\u00bb hover_enabled=\u00bb0&#8243; global_colors_info=\u00bb{}\u00bb title_text=\u00bbEar-Protection\u00bb sticky_enabled=\u00bb0&#8243;][\/et_pb_blurb][\/et_pb_column][\/et_pb_row][et_pb_row column_structure=\u00bb1_3,1_3,1_3&#8243; _builder_version=\u00bb4.16&#8243; global_colors_info=\u00bb{}\u00bb][et_pb_column type=\u00bb1_3&#8243; _builder_version=\u00bb4.16&#8243; global_colors_info=\u00bb{}\u00bb][et_pb_blurb title=\u00bbEquipo respiratorio\u00bb image=\u00bbhttps:\/\/icom.com.es\/wp-content\/uploads\/2020\/05\/Respiratory-Equipment.jpg\u00bb admin_label=\u00bbCranes\u00bb _builder_version=\u00bb4.27.4&#8243; header_text_align=\u00bbcenter\u00bb link_option_url=\u00bb#\u00bb hover_enabled=\u00bb0&#8243; global_colors_info=\u00bb{}\u00bb title_text=\u00bbRespiratory-Equipment\u00bb sticky_enabled=\u00bb0&#8243;][\/et_pb_blurb][\/et_pb_column][et_pb_column type=\u00bb1_3&#8243; _builder_version=\u00bb4.16&#8243; global_colors_info=\u00bb{}\u00bb][et_pb_blurb title=\u00bbEquipo de soldadura\u00bb image=\u00bbhttps:\/\/icom.com.es\/wp-content\/uploads\/2020\/05\/Welding-Equipment.jpg\u00bb admin_label=\u00bbAerial lift\u00bb _builder_version=\u00bb4.27.4&#8243; header_text_align=\u00bbcenter\u00bb link_option_url=\u00bb#\u00bb hover_enabled=\u00bb0&#8243; global_colors_info=\u00bb{}\u00bb title_text=\u00bbWelding-Equipment\u00bb sticky_enabled=\u00bb0&#8243;][\/et_pb_blurb][\/et_pb_column][et_pb_column type=\u00bb1_3&#8243; _builder_version=\u00bb4.16&#8243; global_colors_info=\u00bb{}\u00bb][et_pb_blurb title=\u00bbProtecci\u00f3n de manos<br \/>\n\u00bb image=\u00bbhttps:\/\/icom.com.es\/wp-content\/uploads\/2020\/05\/Hand-Protection.jpg\u00bb admin_label=\u00bbTelehandler\u00bb _builder_version=\u00bb4.27.4&#8243; header_text_align=\u00bbcenter\u00bb link_option_url=\u00bb#\u00bb hover_enabled=\u00bb0&#8243; global_colors_info=\u00bb{}\u00bb title_text=\u00bbHand-Protection\u00bb sticky_enabled=\u00bb0&#8243;][\/et_pb_blurb][\/et_pb_column][\/et_pb_row][et_pb_row column_structure=\u00bb1_3,1_3,1_3&#8243; _builder_version=\u00bb4.16&#8243; global_colors_info=\u00bb{}\u00bb][et_pb_column type=\u00bb1_3&#8243; _builder_version=\u00bb4.16&#8243; global_colors_info=\u00bb{}\u00bb][et_pb_blurb title=\u00bbCalzado de protecci\u00f3n\u00bb image=\u00bbhttps:\/\/icom.com.es\/wp-content\/uploads\/2020\/05\/Protective-Footwear.jpg\u00bb admin_label=\u00bbCranes\u00bb _builder_version=\u00bb4.27.4&#8243; header_text_align=\u00bbcenter\u00bb link_option_url=\u00bb#\u00bb hover_enabled=\u00bb0&#8243; global_colors_info=\u00bb{}\u00bb title_text=\u00bbProtective-Footwear\u00bb sticky_enabled=\u00bb0&#8243;][\/et_pb_blurb][\/et_pb_column][et_pb_column type=\u00bb1_3&#8243; _builder_version=\u00bb4.16&#8243; global_colors_info=\u00bb{}\u00bb][et_pb_blurb title=\u00bbRopa Hi Vis\u00bb image=\u00bbhttps:\/\/icom.com.es\/wp-content\/uploads\/2020\/05\/Hi-Vis-Clothing.jpg\u00bb admin_label=\u00bbAerial lift\u00bb _builder_version=\u00bb4.27.4&#8243; header_text_align=\u00bbcenter\u00bb link_option_url=\u00bb#\u00bb hover_enabled=\u00bb0&#8243; global_colors_info=\u00bb{}\u00bb title_text=\u00bbHi-Vis-Clothing\u00bb sticky_enabled=\u00bb0&#8243;][\/et_pb_blurb][\/et_pb_column][et_pb_column type=\u00bb1_3&#8243; _builder_version=\u00bb4.16&#8243; global_colors_info=\u00bb{}\u00bb][et_pb_blurb title=\u00bbRopa Rail Hi Vis\u00bb image=\u00bbhttps:\/\/icom.com.es\/wp-content\/uploads\/2020\/05\/Rail-Hi-Vis-Clothing.jpg\u00bb admin_label=\u00bbTelehandler\u00bb _builder_version=\u00bb4.27.4&#8243; header_text_align=\u00bbcenter\u00bb link_option_url=\u00bb#\u00bb hover_enabled=\u00bb0&#8243; global_colors_info=\u00bb{}\u00bb title_text=\u00bbRail-Hi-Vis-Clothing\u00bb sticky_enabled=\u00bb0&#8243;][\/et_pb_blurb][\/et_pb_column][\/et_pb_row][et_pb_row column_structure=\u00bb1_3,1_3,1_3&#8243; _builder_version=\u00bb4.16&#8243; global_colors_info=\u00bb{}\u00bb][et_pb_column type=\u00bb1_3&#8243; _builder_version=\u00bb4.16&#8243; global_colors_info=\u00bb{}\u00bb][et_pb_blurb title=\u00bbEquipo de protecci\u00f3n contra ca\u00eddas\u00bb image=\u00bbhttps:\/\/icom.com.es\/wp-content\/uploads\/2020\/05\/Fall-Protection-Equipmen.jpg\u00bb admin_label=\u00bbCranes\u00bb _builder_version=\u00bb4.27.4&#8243; header_text_align=\u00bbcenter\u00bb link_option_url=\u00bb#\u00bb hover_enabled=\u00bb0&#8243; global_colors_info=\u00bb{}\u00bb title_text=\u00bbFall-Protection-Equipmen\u00bb sticky_enabled=\u00bb0&#8243;][\/et_pb_blurb][\/et_pb_column][et_pb_column type=\u00bb1_3&#8243; _builder_version=\u00bb4.16&#8243; global_colors_info=\u00bb{}\u00bb][et_pb_blurb title=\u00bbSeguridad mar\u00edtima\u00bb image=\u00bbhttps:\/\/icom.com.es\/wp-content\/uploads\/2020\/05\/Marine-Safety.jpg\u00bb admin_label=\u00bbAerial lift\u00bb _builder_version=\u00bb4.27.4&#8243; header_text_align=\u00bbcenter\u00bb link_option_url=\u00bb#\u00bb hover_enabled=\u00bb0&#8243; global_colors_info=\u00bb{}\u00bb sticky_enabled=\u00bb0&#8243; title_text=\u00bbMarine-Safety\u00bb][\/et_pb_blurb][\/et_pb_column][et_pb_column type=\u00bb1_3&#8243; _builder_version=\u00bb4.16&#8243; global_colors_info=\u00bb{}\u00bb][\/et_pb_column][\/et_pb_row][\/et_pb_section][et_pb_section fb_built=\u00bb1&#8243; _builder_version=\u00bb4.16&#8243; background_color=\u00bb#f5f5f5&#8243; custom_padding=\u00bb5vh||5vh||true|false\u00bb top_divider_color=\u00bb#ffffff\u00bb global_colors_info=\u00bb{}\u00bb][et_pb_row _builder_version=\u00bb4.16&#8243; custom_padding=\u00bb||25px|||\u00bb global_colors_info=\u00bb{}\u00bb][et_pb_column type=\u00bb4_4&#8243; _builder_version=\u00bb4.16&#8243; global_colors_info=\u00bb{}\u00bb][et_pb_text admin_label=\u00bbTitre\u00bb _builder_version=\u00bb4.16&#8243; header_font=\u00bb|300|||||||\u00bb header_text_color=\u00bb#0a2c71&#8243; header_3_font=\u00bb|300||on|||||\u00bb header_3_text_align=\u00bbcenter\u00bb header_3_text_color=\u00bb#0a2c71&#8243; header_3_font_size=\u00bb30px\u00bb header_3_line_height=\u00bb1.5em\u00bb custom_margin=\u00bb||0px||false|false\u00bb global_colors_info=\u00bb{}\u00bb]<\/p>\n<h3><strong>Contacto<\/strong><\/h3>\n<p>[\/et_pb_text][et_pb_divider color=\u00bb#ae0531&#8243; divider_weight=\u00bb2px\u00bb _builder_version=\u00bb4.16&#8243; width=\u00bb80px\u00bb module_alignment=\u00bbcenter\u00bb custom_margin=\u00bb||||false|false\u00bb custom_padding=\u00bb||||false|false\u00bb animation_style=\u00bbslide\u00bb animation_direction=\u00bbbottom\u00bb locked=\u00bboff\u00bb global_colors_info=\u00bb{}\u00bb][\/et_pb_divider][\/et_pb_column][\/et_pb_row][et_pb_row column_structure=\u00bb1_3,1_3,1_3&#8243; module_class=\u00bbcontact-icons\u00bb _builder_version=\u00bb4.16&#8243; global_colors_info=\u00bb{}\u00bb][et_pb_column type=\u00bb1_3&#8243; _builder_version=\u00bb4.16&#8243; global_colors_info=\u00bb{}\u00bb][et_pb_blurb title=\u00bbPol\u00edgono Industrial Palmones I\u00bb use_icon=\u00bbon\u00bb font_icon=\u00bb&#xe081;||divi||400&#8243; icon_color=\u00bb#ae0531&#8243; image_icon_width=\u00bb25px\u00bb _builder_version=\u00bb4.16&#8243; text_orientation=\u00bbcenter\u00bb custom_margin=\u00bb||||false|false\u00bb custom_padding=\u00bb||||false|false\u00bb animation_style=\u00bbslide\u00bb animation_direction=\u00bbbottom\u00bb animation_intensity_slide=\u00bb10%\u00bb animation=\u00bboff\u00bb icon_font_size=\u00bb25px\u00bb global_colors_info=\u00bb{}\u00bb]<\/p>\n<p>C\/Fragata, 17 (Esq. C\/Gale\u00f3n) 11379<br \/> Los Barrios &#8211; C\u00e1diz<\/p>\n<p>[\/et_pb_blurb][\/et_pb_column][et_pb_column type=\u00bb1_3&#8243; _builder_version=\u00bb4.16&#8243; global_colors_info=\u00bb{}\u00bb][et_pb_blurb title=\u00bbTel\u00e9fono\u00bb use_icon=\u00bbon\u00bb font_icon=\u00bb&#xe090;||divi||400&#8243; icon_color=\u00bb#ae0531&#8243; image_icon_width=\u00bb25px\u00bb _builder_version=\u00bb4.16&#8243; text_orientation=\u00bbcenter\u00bb custom_margin=\u00bb||||false|false\u00bb custom_padding=\u00bb||||false|false\u00bb animation_style=\u00bbslide\u00bb animation_direction=\u00bbbottom\u00bb animation_intensity_slide=\u00bb10%\u00bb animation=\u00bboff\u00bb icon_font_size=\u00bb25px\u00bb global_colors_info=\u00bb{}\u00bb]<\/p>\n<p>+34 856 09 10 09<\/p>\n<p>[\/et_pb_blurb][\/et_pb_column][et_pb_column type=\u00bb1_3&#8243; _builder_version=\u00bb4.16&#8243; global_colors_info=\u00bb{}\u00bb][et_pb_blurb title=\u00bbE-mail \u00bb use_icon=\u00bbon\u00bb font_icon=\u00bb&#xe076;||divi||400&#8243; icon_color=\u00bb#ae0531&#8243; image_icon_width=\u00bb25px\u00bb module_class=\u00bbmailto\u00bb _builder_version=\u00bb4.16&#8243; text_orientation=\u00bbcenter\u00bb custom_margin=\u00bb||||false|false\u00bb custom_padding=\u00bb||||false|false\u00bb animation_style=\u00bbslide\u00bb animation_direction=\u00bbbottom\u00bb animation_intensity_slide=\u00bb10%\u00bb animation=\u00bboff\u00bb hover_enabled=\u00bb0&#8243; icon_font_size=\u00bb25px\u00bb global_colors_info=\u00bb{}\u00bb sticky_enabled=\u00bb0&#8243;]<\/p>\n<a href=\"mailto:&#99;&#111;m&#101;&#114;&#99;i&#97;l&#64;&#105;co&#109;&#98;&#115;.es\">&#99;ome&#114;cial&#64;i&#99;&#111;&#109;b&#115;&#46;&#101;&#115;<\/a>\n<p>[\/et_pb_blurb][\/et_pb_column][\/et_pb_row][\/et_pb_section][et_pb_section fb_built=\u00bb1&#8243; admin_label=\u00bbCTA\u00bb _builder_version=\u00bb4.16&#8243; background_color=\u00bbrgba(0,69,122,0.04)\u00bb background_image=\u00bbhttps:\/\/icom.com.es\/wp-content\/uploads\/2020\/04\/bg-cta.jpg\u00bb background_blend=\u00bbdarken\u00bb custom_margin=\u00bb0px||0px||true|false\u00bb custom_padding=\u00bb0px||0px||true|false\u00bb saved_tabs=\u00bball\u00bb collapsed=\u00bboff\u00bb global_colors_info=\u00bb{}\u00bb][et_pb_row _builder_version=\u00bb4.16&#8243; custom_margin=\u00bb0px||0px||true|false\u00bb custom_padding=\u00bb0px||0px||true|false\u00bb global_colors_info=\u00bb{}\u00bb][et_pb_column type=\u00bb4_4&#8243; _builder_version=\u00bb4.16&#8243; global_colors_info=\u00bb{}\u00bb][et_pb_cta title=\u00bb\u00bfUna demanda o necesidad espec\u00edfica?\u00bb button_url=\u00bb@ET-DC@eyJkeW5hbWljIjp0cnVlLCJjb250ZW50IjoicG9zdF9saW5rX3VybF9wYWdlIiwic2V0dGluZ3MiOnsicG9zdF9pZCI6IjQwIn19@\u00bb button_text=\u00bbContacto\u00bb admin_label=\u00bbCTA\u00bb _builder_version=\u00bb4.16&#8243; _dynamic_attributes=\u00bbbutton_url\u00bb background_enable_color=\u00bboff\u00bb background_enable_image=\u00bboff\u00bb background_blend=\u00bbdarken\u00bb custom_button=\u00bbon\u00bb button_text_color=\u00bb#ffffff\u00bb button_bg_color=\u00bb#ae0531&#8243; button_border_color=\u00bb#ae0531&#8243; custom_padding=\u00bb15vh||15vh||true|false\u00bb global_colors_info=\u00bb{}\u00bb]<\/p>\n<p>El equipo del ICOM est\u00e1 a su disposici\u00f3n<\/p>\n<p>[\/et_pb_cta][\/et_pb_column][\/et_pb_row][\/et_pb_section]<\/p>\n","protected":false},"excerpt":{"rendered":"<p>Productos &amp; serviciosEquipo de protecci\u00f3n personalSu seguridad personal es nuestro negocio y nuestra mayor preocupaci\u00f3n. El EPP (Equipo de Protecci\u00f3n Personal) es esencial para la seguridad y protecci\u00f3n de todos los individuos en su obra. Es vital asegurarse de que todas las \u00e1reas vulnerables del cuerpo est\u00e9n protegidas por el EPP, incluyendo la protecci\u00f3n de [&hellip;]<\/p>\n","protected":false},"author":5,"featured_media":0,"parent":1002,"menu_order":30,"comment_status":"closed","ping_status":"closed","template":"","meta":{"_et_pb_use_builder":"on","_et_pb_old_content":"","_et_gb_content_width":"","footnotes":""},"class_list":["post-1013","page","type-page","status-publish","hentry"],"_links":{"self":[{"href":"https:\/\/icom.com.es\/es\/wp-json\/wp\/v2\/pages\/1013","targetHints":{"allow":["GET"]}}],"collection":[{"href":"https:\/\/icom.com.es\/es\/wp-json\/wp\/v2\/pages"}],"about":[{"href":"https:\/\/icom.com.es\/es\/wp-json\/wp\/v2\/types\/page"}],"author":[{"embeddable":true,"href":"https:\/\/icom.com.es\/es\/wp-json\/wp\/v2\/users\/5"}],"replies":[{"embeddable":true,"href":"https:\/\/icom.com.es\/es\/wp-json\/wp\/v2\/comments?post=1013"}],"version-history":[{"count":0,"href":"https:\/\/icom.com.es\/es\/wp-json\/wp\/v2\/pages\/1013\/revisions"}],"up":[{"embeddable":true,"href":"https:\/\/icom.com.es\/es\/wp-json\/wp\/v2\/pages\/1002"}],"wp:attachment":[{"href":"https:\/\/icom.com.es\/es\/wp-json\/wp\/v2\/media?parent=1013"}],"curies":[{"name":"wp","href":"https:\/\/api.w.org\/{rel}","templated":true}]}}