{"id":1022,"date":"2020-05-13T12:23:27","date_gmt":"2020-05-13T10:23:27","guid":{"rendered":"http:\/\/cloudces.myds.me\/reda\/icom\/used-equipment-3\/"},"modified":"2025-05-30T13:32:48","modified_gmt":"2025-05-30T11:32:48","slug":"maquinaria-usada","status":"publish","type":"page","link":"https:\/\/icom.com.es\/es\/productos-servicios\/maquinaria-usada\/","title":{"rendered":"Maquinaria Usada"},"content":{"rendered":"<p>[et_pb_section fb_built=\u00bb1&#8243; admin_label=\u00bbHeader\u00bb _builder_version=\u00bb4.16&#8243; background_enable_color=\u00bboff\u00bb background_image=\u00bbhttps:\/\/icom.com.es\/wp-content\/uploads\/2020\/05\/bg-header-03.jpg\u00bb saved_tabs=\u00bball\u00bb collapsed=\u00bboff\u00bb global_colors_info=\u00bb{}\u00bb][et_pb_row _builder_version=\u00bb4.16&#8243; global_colors_info=\u00bb{}\u00bb][et_pb_column type=\u00bb4_4&#8243; _builder_version=\u00bb4.16&#8243; global_colors_info=\u00bb{}\u00bb][et_pb_text admin_label=\u00bbProduct &#038; services\u00bb _builder_version=\u00bb4.16&#8243; header_font=\u00bb|600||on|||||\u00bb header_text_align=\u00bbcenter\u00bb header_font_size=\u00bb40px\u00bb background_layout=\u00bbdark\u00bb global_colors_info=\u00bb{}\u00bb]<\/p>\n<h1>Productos &amp; servicios<\/h1>\n<p>[\/et_pb_text][\/et_pb_column][\/et_pb_row][\/et_pb_section][et_pb_section fb_built=\u00bb1&#8243; _builder_version=\u00bb4.16&#8243; background_color=\u00bbrgba(255,255,255,0.25)\u00bb background_image=\u00bbhttps:\/\/icom.com.es\/wp-content\/uploads\/2020\/05\/home-hero-bg-bleu.svg\u00bb background_position=\u00bbtop_center\u00bb background_blend=\u00bboverlay\u00bb custom_padding=\u00bb||30px|||\u00bb global_colors_info=\u00bb{}\u00bb][et_pb_row column_structure=\u00bb1_2,1_2&#8243; _builder_version=\u00bb4.16&#8243; global_colors_info=\u00bb{}\u00bb][et_pb_column type=\u00bb1_2&#8243; _builder_version=\u00bb4.16&#8243; global_colors_info=\u00bb{}\u00bb][et_pb_image src=\u00bbhttps:\/\/icom.com.es\/wp-content\/uploads\/2020\/05\/used-equipment-1.jpg\u00bb title_text=\u00bbused-equipment\u00bb _builder_version=\u00bb4.16&#8243; global_colors_info=\u00bb{}\u00bb][\/et_pb_image][\/et_pb_column][et_pb_column type=\u00bb1_2&#8243; _builder_version=\u00bb4.16&#8243; global_colors_info=\u00bb{}\u00bb][et_pb_text admin_label=\u00bbTitre\u00bb _builder_version=\u00bb4.16&#8243; header_font=\u00bb|300|||||||\u00bb header_text_align=\u00bbleft\u00bb header_text_color=\u00bb#0a2c71&#8243; header_3_font=\u00bb|300||on|||||\u00bb header_3_text_align=\u00bbleft\u00bb header_3_text_color=\u00bb#0a2c71&#8243; header_3_font_size=\u00bb30px\u00bb header_3_line_height=\u00bb1.5em\u00bb header_4_font=\u00bb|||on|||||\u00bb header_4_text_align=\u00bbcenter\u00bb custom_margin=\u00bb||0px||false|false\u00bb global_colors_info=\u00bb{}\u00bb]<\/p>\n<h3>MAQUINARIA\u00a0<strong>Usada<\/strong><\/h3>\n<p>[\/et_pb_text][et_pb_divider color=\u00bb#ae0531&#8243; divider_weight=\u00bb2px\u00bb admin_label=\u00bbS\u00e9parateur\u00bb _builder_version=\u00bb4.16&#8243; width=\u00bb80px\u00bb module_alignment=\u00bbleft\u00bb custom_margin=\u00bb||||false|false\u00bb custom_padding=\u00bb||||false|false\u00bb animation_style=\u00bbslide\u00bb animation_direction=\u00bbbottom\u00bb locked=\u00bboff\u00bb global_colors_info=\u00bb{}\u00bb][\/et_pb_divider][et_pb_text _builder_version=\u00bb4.16&#8243; global_colors_info=\u00bb{}\u00bb]<\/p>\n<p>ICOM puede proporcionar, desde Europa, todo tipo de equipos de elevaci\u00f3n y manipulaci\u00f3n usados: Gr\u00faas, elevadores, carretillas elevadoras, camiones&#8230; en toda \u00c1frica.<\/p>\n<p>[\/et_pb_text][\/et_pb_column][\/et_pb_row][et_pb_row _builder_version=\u00bb4.16&#8243; custom_padding=\u00bb||25px|||\u00bb global_colors_info=\u00bb{}\u00bb][et_pb_column type=\u00bb4_4&#8243; _builder_version=\u00bb4.16&#8243; global_colors_info=\u00bb{}\u00bb][et_pb_text admin_label=\u00bbTitre\u00bb _builder_version=\u00bb4.16&#8243; header_font=\u00bb|300|||||||\u00bb header_text_color=\u00bb#0a2c71&#8243; header_3_font=\u00bb|300||on|||||\u00bb header_3_text_align=\u00bbcenter\u00bb header_3_text_color=\u00bb#0a2c71&#8243; header_3_font_size=\u00bb30px\u00bb header_3_line_height=\u00bb1.5em\u00bb custom_margin=\u00bb||0px||false|false\u00bb global_colors_info=\u00bb{}\u00bb]<\/p>\n<h3>DESCUBRA <br \/><strong>NUESTRO EQUIPO USADO PARA LA VENTAR<\/strong><\/h3>\n<p>[\/et_pb_text][et_pb_divider color=\u00bb#ae0531&#8243; divider_weight=\u00bb2px\u00bb _builder_version=\u00bb4.16&#8243; width=\u00bb80px\u00bb module_alignment=\u00bbcenter\u00bb custom_margin=\u00bb||||false|false\u00bb custom_padding=\u00bb||||false|false\u00bb animation_style=\u00bbslide\u00bb animation_direction=\u00bbbottom\u00bb locked=\u00bboff\u00bb global_colors_info=\u00bb{}\u00bb][\/et_pb_divider][\/et_pb_column][\/et_pb_row][et_pb_row column_structure=\u00bb1_3,1_3,1_3&#8243; _builder_version=\u00bb4.16&#8243; global_colors_info=\u00bb{}\u00bb][et_pb_column type=\u00bb1_3&#8243; _builder_version=\u00bb4.16&#8243; global_colors_info=\u00bb{}\u00bb][et_pb_blurb title=\u00bbGr\u00faas\u00bb image=\u00bbhttps:\/\/icom.com.es\/wp-content\/uploads\/2020\/05\/cranes-2.jpg\u00bb admin_label=\u00bbCranes\u00bb _builder_version=\u00bb4.16&#8243; _dynamic_attributes=\u00bblink_option_url\u00bb header_text_align=\u00bbcenter\u00bb link_option_url=\u00bb@ET-DC@eyJkeW5hbWljIjp0cnVlLCJjb250ZW50IjoicG9zdF9saW5rX3VybF9wYWdlIiwic2V0dGluZ3MiOnsicG9zdF9pZCI6IjgzMSJ9fQ==@\u00bb global_colors_info=\u00bb{}\u00bb][\/et_pb_blurb][\/et_pb_column][et_pb_column type=\u00bb1_3&#8243; _builder_version=\u00bb4.16&#8243; global_colors_info=\u00bb{}\u00bb][et_pb_blurb title=\u00bbElevadores\u00bb image=\u00bbhttps:\/\/icom.com.es\/wp-content\/uploads\/2020\/05\/Aerial-lift-1.jpg\u00bb admin_label=\u00bbAerial lift\u00bb _builder_version=\u00bb4.16&#8243; _dynamic_attributes=\u00bblink_option_url\u00bb header_text_align=\u00bbcenter\u00bb link_option_url=\u00bb@ET-DC@eyJkeW5hbWljIjp0cnVlLCJjb250ZW50IjoicG9zdF9saW5rX3VybF9wYWdlIiwic2V0dGluZ3MiOnsicG9zdF9pZCI6IjgwNiJ9fQ==@\u00bb global_colors_info=\u00bb{}\u00bb][\/et_pb_blurb][\/et_pb_column][et_pb_column type=\u00bb1_3&#8243; _builder_version=\u00bb4.16&#8243; global_colors_info=\u00bb{}\u00bb][et_pb_blurb title=\u00bbManipulaci\u00f3n de materiales\u00bb image=\u00bbhttps:\/\/icom.com.es\/wp-content\/uploads\/2020\/05\/Telehandlers.jpg\u00bb admin_label=\u00bbTelehandler\u00bb _builder_version=\u00bb4.27.4&#8243; _dynamic_attributes=\u00bblink_option_url\u00bb header_text_align=\u00bbcenter\u00bb link_option_url=\u00bb@ET-DC@eyJkeW5hbWljIjp0cnVlLCJjb250ZW50IjoicG9zdF9saW5rX3VybF9wYWdlIiwic2V0dGluZ3MiOnsicG9zdF9pZCI6Ijg0OSJ9fQ==@\u00bb hover_enabled=\u00bb0&#8243; global_colors_info=\u00bb{}\u00bb title_text=\u00bbTelehandlers\u00bb sticky_enabled=\u00bb0&#8243;][\/et_pb_blurb][\/et_pb_column][\/et_pb_row][et_pb_row column_structure=\u00bb1_3,1_3,1_3&#8243; _builder_version=\u00bb4.16&#8243; global_colors_info=\u00bb{}\u00bb][et_pb_column type=\u00bb1_3&#8243; _builder_version=\u00bb4.16&#8243; global_colors_info=\u00bb{}\u00bb][et_pb_blurb title=\u00bbCamiones\u00bb image=\u00bbhttps:\/\/icom.com.es\/wp-content\/uploads\/2020\/05\/trucks.jpg\u00bb admin_label=\u00bbCranes\u00bb _builder_version=\u00bb4.16&#8243; header_text_align=\u00bbcenter\u00bb link_option_url=\u00bb#\u00bb global_colors_info=\u00bb{}\u00bb][\/et_pb_blurb][\/et_pb_column][et_pb_column type=\u00bb1_3&#8243; _builder_version=\u00bb4.16&#8243; global_colors_info=\u00bb{}\u00bb][\/et_pb_column][et_pb_column type=\u00bb1_3&#8243; _builder_version=\u00bb4.16&#8243; global_colors_info=\u00bb{}\u00bb][\/et_pb_column][\/et_pb_row][\/et_pb_section][et_pb_section fb_built=\u00bb1&#8243; _builder_version=\u00bb4.16&#8243; background_color=\u00bb#f5f5f5&#8243; custom_padding=\u00bb5vh||5vh||true|false\u00bb top_divider_color=\u00bb#ffffff\u00bb global_colors_info=\u00bb{}\u00bb][et_pb_row _builder_version=\u00bb4.16&#8243; custom_padding=\u00bb||25px|||\u00bb global_colors_info=\u00bb{}\u00bb][et_pb_column type=\u00bb4_4&#8243; _builder_version=\u00bb4.16&#8243; global_colors_info=\u00bb{}\u00bb][et_pb_text admin_label=\u00bbTitre\u00bb _builder_version=\u00bb4.16&#8243; header_font=\u00bb|300|||||||\u00bb header_text_color=\u00bb#0a2c71&#8243; header_3_font=\u00bb|300||on|||||\u00bb header_3_text_align=\u00bbcenter\u00bb header_3_text_color=\u00bb#0a2c71&#8243; header_3_font_size=\u00bb30px\u00bb header_3_line_height=\u00bb1.5em\u00bb custom_margin=\u00bb||0px||false|false\u00bb global_colors_info=\u00bb{}\u00bb]<\/p>\n<h3><strong>Contacto<\/strong><\/h3>\n<p>[\/et_pb_text][et_pb_divider color=\u00bb#ae0531&#8243; divider_weight=\u00bb2px\u00bb _builder_version=\u00bb4.16&#8243; width=\u00bb80px\u00bb module_alignment=\u00bbcenter\u00bb custom_margin=\u00bb||||false|false\u00bb custom_padding=\u00bb||||false|false\u00bb animation_style=\u00bbslide\u00bb animation_direction=\u00bbbottom\u00bb locked=\u00bboff\u00bb global_colors_info=\u00bb{}\u00bb][\/et_pb_divider][\/et_pb_column][\/et_pb_row][et_pb_row column_structure=\u00bb1_4,1_4,1_4,1_4&#8243; module_class=\u00bbcontact-icons\u00bb _builder_version=\u00bb4.16&#8243; global_colors_info=\u00bb{}\u00bb][et_pb_column type=\u00bb1_4&#8243; _builder_version=\u00bb4.16&#8243; global_colors_info=\u00bb{}\u00bb][et_pb_blurb title=\u00bbMarruecos\u00bb use_icon=\u00bbon\u00bb font_icon=\u00bb&#xe090;||divi||400&#8243; icon_color=\u00bb#ae0531&#8243; image_icon_width=\u00bb25px\u00bb _builder_version=\u00bb4.16&#8243; text_orientation=\u00bbcenter\u00bb custom_margin=\u00bb||||false|false\u00bb custom_padding=\u00bb||||false|false\u00bb animation_style=\u00bbslide\u00bb animation_direction=\u00bbbottom\u00bb animation_intensity_slide=\u00bb10%\u00bb animation=\u00bboff\u00bb icon_font_size=\u00bb25px\u00bb global_colors_info=\u00bb{}\u00bb]<\/p>\n<p>\u00a0+212 6 61 05 37 53<\/p>\n<p>[\/et_pb_blurb][\/et_pb_column][et_pb_column type=\u00bb1_4&#8243; _builder_version=\u00bb4.16&#8243; global_colors_info=\u00bb{}\u00bb][et_pb_blurb title=\u00bbSenegal\u00bb use_icon=\u00bbon\u00bb font_icon=\u00bb&#xe090;||divi||400&#8243; icon_color=\u00bb#ae0531&#8243; image_icon_width=\u00bb25px\u00bb _builder_version=\u00bb4.16&#8243; text_orientation=\u00bbcenter\u00bb custom_margin=\u00bb||||false|false\u00bb custom_padding=\u00bb||||false|false\u00bb animation_style=\u00bbslide\u00bb animation_direction=\u00bbbottom\u00bb animation_intensity_slide=\u00bb10%\u00bb animation=\u00bboff\u00bb icon_font_size=\u00bb25px\u00bb global_colors_info=\u00bb{}\u00bb]<\/p>\n<p> +221 777 98 24 58 <\/p>\n<p>[\/et_pb_blurb][\/et_pb_column][et_pb_column type=\u00bb1_4&#8243; _builder_version=\u00bb4.16&#8243; global_colors_info=\u00bb{}\u00bb][et_pb_blurb title=\u00bbMauritania \u00bb use_icon=\u00bbon\u00bb font_icon=\u00bb&#xe090;||divi||400&#8243; icon_color=\u00bb#ae0531&#8243; image_icon_width=\u00bb25px\u00bb _builder_version=\u00bb4.16&#8243; text_orientation=\u00bbcenter\u00bb custom_margin=\u00bb||||false|false\u00bb custom_padding=\u00bb||||false|false\u00bb animation_style=\u00bbslide\u00bb animation_direction=\u00bbbottom\u00bb animation_intensity_slide=\u00bb10%\u00bb animation=\u00bboff\u00bb icon_font_size=\u00bb25px\u00bb global_colors_info=\u00bb{}\u00bb]<\/p>\n<p>+222 49 84 49 81<\/p>\n<p>[\/et_pb_blurb][\/et_pb_column][et_pb_column type=\u00bb1_4&#8243; _builder_version=\u00bb4.16&#8243; global_colors_info=\u00bb{}\u00bb][et_pb_blurb title=\u00bbE-mail \u00bb use_icon=\u00bbon\u00bb font_icon=\u00bb&#xe076;||divi||400&#8243; icon_color=\u00bb#ae0531&#8243; image_icon_width=\u00bb25px\u00bb module_class=\u00bbmailto\u00bb _builder_version=\u00bb4.16&#8243; text_orientation=\u00bbcenter\u00bb custom_margin=\u00bb||||false|false\u00bb custom_padding=\u00bb||||false|false\u00bb animation_style=\u00bbslide\u00bb animation_direction=\u00bbbottom\u00bb animation_intensity_slide=\u00bb10%\u00bb animation=\u00bboff\u00bb icon_font_size=\u00bb25px\u00bb global_colors_info=\u00bb{}\u00bb]<\/p>\n<a href=\"mailto:&#115;a&#108;&#101;s&#64;&#105;&#99;om&#46;&#99;o&#109;&#46;&#101;s\">&#115;&#97;le&#115;&#64;ic&#111;&#109;&#46;&#99;&#111;m&#46;e&#115;<\/a>\n<p>[\/et_pb_blurb][\/et_pb_column][\/et_pb_row][\/et_pb_section][et_pb_section fb_built=\u00bb1&#8243; admin_label=\u00bbCTA\u00bb _builder_version=\u00bb4.16&#8243; background_color=\u00bbrgba(0,69,122,0.04)\u00bb background_image=\u00bbhttps:\/\/icom.com.es\/wp-content\/uploads\/2020\/04\/bg-cta.jpg\u00bb background_blend=\u00bbdarken\u00bb custom_margin=\u00bb0px||0px||true|false\u00bb custom_padding=\u00bb0px||0px||true|false\u00bb saved_tabs=\u00bball\u00bb collapsed=\u00bboff\u00bb global_colors_info=\u00bb{}\u00bb][et_pb_row _builder_version=\u00bb4.16&#8243; custom_margin=\u00bb0px||0px||true|false\u00bb custom_padding=\u00bb0px||0px||true|false\u00bb global_colors_info=\u00bb{}\u00bb][et_pb_column type=\u00bb4_4&#8243; _builder_version=\u00bb4.16&#8243; global_colors_info=\u00bb{}\u00bb][et_pb_cta title=\u00bb\u00bfUna demanda o necesidad espec\u00edfica?\u00bb button_url=\u00bb@ET-DC@eyJkeW5hbWljIjp0cnVlLCJjb250ZW50IjoicG9zdF9saW5rX3VybF9wYWdlIiwic2V0dGluZ3MiOnsicG9zdF9pZCI6IjQwIn19@\u00bb button_text=\u00bbContacto\u00bb admin_label=\u00bbCTA\u00bb _builder_version=\u00bb4.16&#8243; _dynamic_attributes=\u00bbbutton_url\u00bb background_enable_color=\u00bboff\u00bb background_enable_image=\u00bboff\u00bb background_blend=\u00bbdarken\u00bb custom_button=\u00bbon\u00bb button_text_color=\u00bb#ffffff\u00bb button_bg_color=\u00bb#ae0531&#8243; button_border_color=\u00bb#ae0531&#8243; custom_padding=\u00bb15vh||15vh||true|false\u00bb global_colors_info=\u00bb{}\u00bb]<\/p>\n<p>El equipo del ICOM est\u00e1 a su disposici\u00f3n<\/p>\n<p>[\/et_pb_cta][\/et_pb_column][\/et_pb_row][\/et_pb_section]<\/p>\n","protected":false},"excerpt":{"rendered":"<p>Productos &amp; serviciosMAQUINARIA\u00a0UsadaICOM puede proporcionar, desde Europa, todo tipo de equipos de elevaci\u00f3n y manipulaci\u00f3n usados: Gr\u00faas, elevadores, carretillas elevadoras, camiones&#8230; en toda \u00c1frica.DESCUBRA NUESTRO EQUIPO USADO PARA LA VENTARContacto\u00a0+212 6 61 05 37 53 +221 777 98 24 58 +222 49 84 49 81<a href=\"mailto:s&#97;&#108;e&#115;&#64;ico&#109;&#46;&#99;o&#109;&#46;&#101;s\">&#115;al&#101;s&#64;&#105;&#99;&#111;m&#46;&#99;o&#109;&#46;&#101;&#115;<\/a>El equipo del ICOM est\u00e1 a su disposici\u00f3n<\/p>\n","protected":false},"author":5,"featured_media":0,"parent":1002,"menu_order":16,"comment_status":"closed","ping_status":"closed","template":"","meta":{"_et_pb_use_builder":"on","_et_pb_old_content":"","_et_gb_content_width":"","footnotes":""},"class_list":["post-1022","page","type-page","status-publish","hentry"],"_links":{"self":[{"href":"https:\/\/icom.com.es\/es\/wp-json\/wp\/v2\/pages\/1022","targetHints":{"allow":["GET"]}}],"collection":[{"href":"https:\/\/icom.com.es\/es\/wp-json\/wp\/v2\/pages"}],"about":[{"href":"https:\/\/icom.com.es\/es\/wp-json\/wp\/v2\/types\/page"}],"author":[{"embeddable":true,"href":"https:\/\/icom.com.es\/es\/wp-json\/wp\/v2\/users\/5"}],"replies":[{"embeddable":true,"href":"https:\/\/icom.com.es\/es\/wp-json\/wp\/v2\/comments?post=1022"}],"version-history":[{"count":1,"href":"https:\/\/icom.com.es\/es\/wp-json\/wp\/v2\/pages\/1022\/revisions"}],"predecessor-version":[{"id":2045,"href":"https:\/\/icom.com.es\/es\/wp-json\/wp\/v2\/pages\/1022\/revisions\/2045"}],"up":[{"embeddable":true,"href":"https:\/\/icom.com.es\/es\/wp-json\/wp\/v2\/pages\/1002"}],"wp:attachment":[{"href":"https:\/\/icom.com.es\/es\/wp-json\/wp\/v2\/media?parent=1022"}],"curies":[{"name":"wp","href":"https:\/\/api.w.org\/{rel}","templated":true}]}}