{"id":1070,"date":"2020-04-28T16:01:38","date_gmt":"2020-04-28T14:01:38","guid":{"rendered":"http:\/\/cloudces.myds.me\/reda\/icom\/home\/"},"modified":"2025-06-10T15:24:40","modified_gmt":"2025-06-10T13:24:40","slug":"inicio","status":"publish","type":"page","link":"https:\/\/icom.com.es\/es\/","title":{"rendered":"Inicio"},"content":{"rendered":"<p>[et_pb_section fb_built=\u00bb1&#8243; module_class=\u00bbsection-services\u00bb _builder_version=\u00bb4.16&#8243; background_enable_image=\u00bboff\u00bb custom_padding=\u00bb0px||0px||true|false\u00bb saved_tabs=\u00bball\u00bb collapsed=\u00bboff\u00bb global_colors_info=\u00bb{}\u00bb][et_pb_row column_structure=\u00bb1_3,1_3,1_3&#8243; use_custom_gutter=\u00bbon\u00bb gutter_width=\u00bb1&#8243; _builder_version=\u00bb4.16&#8243; width=\u00bb100%\u00bb max_width=\u00bb100%\u00bb custom_margin=\u00bb0px||0px||true|false\u00bb custom_padding=\u00bb0px||0px||true|false\u00bb global_colors_info=\u00bb{}\u00bb][et_pb_column type=\u00bb1_3&#8243; _builder_version=\u00bb4.16&#8243; global_colors_info=\u00bb{}\u00bb][et_pb_blurb title=\u00bbDISTRIBUIDOR GENIE\u00bb image=\u00bbhttps:\/\/icom.com.es\/wp-content\/uploads\/2020\/04\/genie-dealer.jpg\u00bb content_max_width=\u00bb100%\u00bb admin_label=\u00bbGenie dealer\u00bb _builder_version=\u00bb4.27.4&#8243; _dynamic_attributes=\u00bblink_option_url\u00bb header_font=\u00bb|||on|||||\u00bb text_orientation=\u00bbcenter\u00bb link_option_url=\u00bb@ET-DC@eyJkeW5hbWljIjp0cnVlLCJjb250ZW50IjoicG9zdF9saW5rX3VybF9wYWdlIiwic2V0dGluZ3MiOnsicG9zdF9pZCI6IjQ1OCIsImVuYWJsZV9odG1sIjoib2ZmIn19@\u00bb hover_enabled=\u00bb0&#8243; border_width_all_image=\u00bb3px\u00bb border_color_all_image=\u00bb#0C71C3&#8243; global_colors_info=\u00bb{}\u00bb sticky_enabled=\u00bb0&#8243;][\/et_pb_blurb][\/et_pb_column][et_pb_column type=\u00bb1_3&#8243; _builder_version=\u00bb4.16&#8243; global_colors_info=\u00bb{}\u00bb][et_pb_blurb title=\u00bbMAQUINARIA USADA\u00bb image=\u00bbhttps:\/\/icom.com.es\/wp-content\/uploads\/2020\/05\/used-equipment-1.jpg\u00bb content_max_width=\u00bb100%\u00bb admin_label=\u00bbUsed equipment\u00bb _builder_version=\u00bb4.27.4&#8243; _dynamic_attributes=\u00bblink_option_url\u00bb header_font=\u00bb|||on|||||\u00bb text_orientation=\u00bbcenter\u00bb link_option_url=\u00bb@ET-DC@eyJkeW5hbWljIjp0cnVlLCJjb250ZW50IjoicG9zdF9saW5rX3VybF9wYWdlIiwic2V0dGluZ3MiOnsicG9zdF9pZCI6IjUzOCIsImVuYWJsZV9odG1sIjoib2ZmIn19@\u00bb border_width_all_image=\u00bb3px\u00bb border_color_all_image=\u00bb#0C71C3&#8243; global_colors_info=\u00bb{}\u00bb][\/et_pb_blurb][\/et_pb_column][et_pb_column type=\u00bb1_3&#8243; _builder_version=\u00bb4.16&#8243; global_colors_info=\u00bb{}\u00bb][et_pb_blurb title=\u00bbINGENIER\u00cdA DE ELEVACI\u00d3N\u00bb image=\u00bbhttps:\/\/icom.com.es\/wp-content\/uploads\/2020\/05\/Heavy-lift-engineering-01-1.jpg\u00bb content_max_width=\u00bb100%\u00bb admin_label=\u00bbHeavy lift engineering\u00bb _builder_version=\u00bb4.27.4&#8243; _dynamic_attributes=\u00bblink_option_url\u00bb header_font=\u00bb|||on|||||\u00bb text_orientation=\u00bbcenter\u00bb link_option_url=\u00bb@ET-DC@eyJkeW5hbWljIjp0cnVlLCJjb250ZW50IjoicG9zdF9saW5rX3VybF9wYWdlIiwic2V0dGluZ3MiOnsicG9zdF9pZCI6IjU0NSIsImVuYWJsZV9odG1sIjoib2ZmIn19@\u00bb border_width_all_image=\u00bb3px\u00bb border_color_all_image=\u00bb#0C71C3&#8243; global_colors_info=\u00bb{}\u00bb][\/et_pb_blurb][\/et_pb_column][\/et_pb_row][et_pb_row column_structure=\u00bb1_2,1_2&#8243; use_custom_gutter=\u00bbon\u00bb gutter_width=\u00bb1&#8243; _builder_version=\u00bb4.27.4&#8243; width=\u00bb100%\u00bb max_width=\u00bb100%\u00bb custom_margin=\u00bb0px||0px||true|false\u00bb custom_padding=\u00bb0px||0px||false|false\u00bb global_colors_info=\u00bb{}\u00bb][et_pb_column type=\u00bb1_2&#8243; _builder_version=\u00bb4.16&#8243; global_colors_info=\u00bb{}\u00bb][et_pb_blurb title=\u00bbUNIFORMES LABORALES Y EPIS\u00bb image=\u00bbhttps:\/\/icom.com.es\/wp-content\/uploads\/2020\/04\/protection-equipment.jpg\u00bb content_max_width=\u00bb60%\u00bb admin_label=\u00bbPersonal protection equipment \u00bb _builder_version=\u00bb4.27.4&#8243; _dynamic_attributes=\u00bblink_option_url\u00bb header_font=\u00bb|||on|||||\u00bb text_orientation=\u00bbcenter\u00bb custom_margin=\u00bb-7px||||false|false\u00bb link_option_url=\u00bb@ET-DC@eyJkeW5hbWljIjp0cnVlLCJjb250ZW50IjoicG9zdF9saW5rX3VybF9wYWdlIiwic2V0dGluZ3MiOnsicG9zdF9pZCI6IjU1MiIsImVuYWJsZV9odG1sIjoib2ZmIn19@\u00bb border_width_all_image=\u00bb3px\u00bb border_color_all_image=\u00bb#0C71C3&#8243; global_colors_info=\u00bb{}\u00bb][\/et_pb_blurb][\/et_pb_column][et_pb_column type=\u00bb1_2&#8243; _builder_version=\u00bb4.16&#8243; global_colors_info=\u00bb{}\u00bb][et_pb_blurb title=\u00bbSUMINISTROS INDUSTRIALES\u00bb image=\u00bbhttps:\/\/icom.com.es\/wp-content\/uploads\/2020\/05\/Bearing-services-01.jpg\u00bb content_max_width=\u00bb60%\u00bb admin_label=\u00bbBearing industrial \u00bb _builder_version=\u00bb4.27.4&#8243; _dynamic_attributes=\u00bblink_option_url\u00bb header_font=\u00bb|||on|||||\u00bb text_orientation=\u00bbcenter\u00bb custom_margin=\u00bb-7px||||false|false\u00bb link_option_url=\u00bb@ET-DC@eyJkeW5hbWljIjp0cnVlLCJjb250ZW50IjoicG9zdF9saW5rX3VybF9wYWdlIiwic2V0dGluZ3MiOnsicG9zdF9pZCI6IjU2MSIsImVuYWJsZV9odG1sIjoib2ZmIn19@\u00bb border_width_all_image=\u00bb3px\u00bb border_color_all_image=\u00bb#0C71C3&#8243; global_colors_info=\u00bb{}\u00bb][\/et_pb_blurb][\/et_pb_column][\/et_pb_row][\/et_pb_section][et_pb_section fb_built=\u00bb1&#8243; admin_label=\u00bbSHOP ON LINE\u00bb module_class=\u00bbshop\u00bb _builder_version=\u00bb4.16&#8243; background_color=\u00bb#f5f5f5&#8243; custom_padding=\u00bb||||false|false\u00bb collapsed=\u00bboff\u00bb global_colors_info=\u00bb{}\u00bb][et_pb_row _builder_version=\u00bb4.16&#8243; custom_padding=\u00bb||25px|||\u00bb global_colors_info=\u00bb{}\u00bb][et_pb_column type=\u00bb4_4&#8243; _builder_version=\u00bb4.16&#8243; global_colors_info=\u00bb{}\u00bb][et_pb_text admin_label=\u00bbTitre\u00bb _builder_version=\u00bb4.16&#8243; header_font=\u00bb|300|||||||\u00bb header_text_color=\u00bb#0a2c71&#8243; header_3_font=\u00bb|300||on|||||\u00bb header_3_text_align=\u00bbcenter\u00bb header_3_text_color=\u00bb#0a2c71&#8243; header_3_font_size=\u00bb30px\u00bb header_3_line_height=\u00bb1.5em\u00bb custom_margin=\u00bb||0px||false|false\u00bb global_colors_info=\u00bb{}\u00bb]<\/p>\n<h3>EQUIPamiento USADO\u00a0<strong>PARA LA VENTA<\/strong><\/h3>\n<p>[\/et_pb_text][et_pb_divider color=\u00bb#ae0531&#8243; divider_weight=\u00bb2px\u00bb _builder_version=\u00bb4.16&#8243; width=\u00bb80px\u00bb module_alignment=\u00bbcenter\u00bb custom_margin=\u00bb||||false|false\u00bb custom_padding=\u00bb||||false|false\u00bb animation_style=\u00bbslide\u00bb animation_direction=\u00bbbottom\u00bb locked=\u00bboff\u00bb global_colors_info=\u00bb{}\u00bb][\/et_pb_divider][\/et_pb_column][\/et_pb_row][et_pb_row column_structure=\u00bb1_4,1_4,1_4,1_4&#8243; use_custom_gutter=\u00bbon\u00bb gutter_width=\u00bb2&#8243; _builder_version=\u00bb4.16&#8243; max_width=\u00bb1560px\u00bb global_colors_info=\u00bb{}\u00bb][et_pb_column type=\u00bb1_4&#8243; _builder_version=\u00bb4.16&#8243; global_colors_info=\u00bb{}\u00bb][et_pb_blurb title=\u00bbGR\u00daAS\u00bb image=\u00bbhttps:\/\/icom.com.es\/wp-content\/uploads\/2020\/05\/cranes-2.jpg\u00bb admin_label=\u00bbCranes\u00bb _builder_version=\u00bb4.16&#8243; _dynamic_attributes=\u00bblink_option_url\u00bb header_font=\u00bb|||on|||||\u00bb header_text_align=\u00bbcenter\u00bb header_font_size=\u00bb18px\u00bb custom_margin=\u00bb||||false|false\u00bb link_option_url=\u00bb@ET-DC@eyJkeW5hbWljIjp0cnVlLCJjb250ZW50IjoicG9zdF9saW5rX3VybF9wYWdlIiwic2V0dGluZ3MiOnsicG9zdF9pZCI6IjgzMSIsImVuYWJsZV9odG1sIjoib2ZmIn19@\u00bb global_colors_info=\u00bb{}\u00bb][\/et_pb_blurb][\/et_pb_column][et_pb_column type=\u00bb1_4&#8243; _builder_version=\u00bb4.16&#8243; global_colors_info=\u00bb{}\u00bb][et_pb_blurb title=\u00bbplataformas Elevadoras\u00bb image=\u00bbhttps:\/\/icom.com.es\/wp-content\/uploads\/2020\/05\/Aerial-lift-1.jpg\u00bb admin_label=\u00bbAerial lift\u00bb _builder_version=\u00bb4.16&#8243; _dynamic_attributes=\u00bblink_option_url\u00bb header_font=\u00bb|||on|||||\u00bb header_text_align=\u00bbcenter\u00bb header_font_size=\u00bb18px\u00bb custom_margin=\u00bb||||false|false\u00bb link_option_url=\u00bb@ET-DC@eyJkeW5hbWljIjp0cnVlLCJjb250ZW50IjoicG9zdF9saW5rX3VybF9wYWdlIiwic2V0dGluZ3MiOnsicG9zdF9pZCI6IjgwNiIsImVuYWJsZV9odG1sIjoib2ZmIn19@\u00bb global_colors_info=\u00bb{}\u00bb][\/et_pb_blurb][\/et_pb_column][et_pb_column type=\u00bb1_4&#8243; _builder_version=\u00bb4.16&#8243; global_colors_info=\u00bb{}\u00bb][et_pb_blurb title=\u00bbcarretillas elevadoras\u00bb image=\u00bbhttps:\/\/icom.com.es\/wp-content\/uploads\/2020\/05\/Forklift.jpg\u00bb admin_label=\u00bbTelehandler\u00bb _builder_version=\u00bb4.16&#8243; _dynamic_attributes=\u00bblink_option_url\u00bb header_font=\u00bb|||on|||||\u00bb header_text_align=\u00bbcenter\u00bb header_font_size=\u00bb18px\u00bb custom_margin=\u00bb||||false|false\u00bb link_option_url=\u00bb@ET-DC@eyJkeW5hbWljIjp0cnVlLCJjb250ZW50IjoicG9zdF9saW5rX3VybF9wYWdlIiwic2V0dGluZ3MiOnsicG9zdF9pZCI6Ijg0OSIsImVuYWJsZV9odG1sIjoib2ZmIn19@\u00bb global_colors_info=\u00bb{}\u00bb][\/et_pb_blurb][\/et_pb_column][et_pb_column type=\u00bb1_4&#8243; _builder_version=\u00bb4.16&#8243; global_colors_info=\u00bb{}\u00bb][et_pb_blurb title=\u00bbCAMIONES\u00bb image=\u00bbhttps:\/\/icom.com.es\/wp-content\/uploads\/2020\/05\/trucks.jpg\u00bb admin_label=\u00bbTelehandler\u00bb _builder_version=\u00bb4.16&#8243; header_font=\u00bb|||on|||||\u00bb header_text_align=\u00bbcenter\u00bb header_font_size=\u00bb18px\u00bb custom_margin=\u00bb||||false|false\u00bb link_option_url=\u00bb#\u00bb global_colors_info=\u00bb{}\u00bb][\/et_pb_blurb][\/et_pb_column][\/et_pb_row][\/et_pb_section][et_pb_section fb_built=\u00bb1&#8243; admin_label=\u00bbOur location\u00bb _builder_version=\u00bb4.16&#8243; custom_padding=\u00bb3px||30px|||\u00bb collapsed=\u00bboff\u00bb global_colors_info=\u00bb{}\u00bb][et_pb_row _builder_version=\u00bb4.16&#8243; custom_padding=\u00bb||25px|||\u00bb global_colors_info=\u00bb{}\u00bb][et_pb_column type=\u00bb4_4&#8243; _builder_version=\u00bb4.16&#8243; global_colors_info=\u00bb{}\u00bb][et_pb_text admin_label=\u00bbTitre\u00bb _builder_version=\u00bb4.16&#8243; header_font=\u00bb|300|||||||\u00bb header_text_color=\u00bb#0a2c71&#8243; header_3_font=\u00bb|300||on|||||\u00bb header_3_text_align=\u00bbcenter\u00bb header_3_text_color=\u00bb#0a2c71&#8243; header_3_font_size=\u00bb30px\u00bb header_3_line_height=\u00bb1.5em\u00bb custom_margin=\u00bb||0px||false|false\u00bb global_colors_info=\u00bb{}\u00bb]<\/p>\n<h3>PRESENCIA MUNDIAL\u00a0<br \/><strong>\u00a0DESCUBRA NUESTRAS UBICACIONES<\/strong><\/h3>\n<p>[\/et_pb_text][et_pb_divider color=\u00bb#ae0531&#8243; divider_weight=\u00bb2px\u00bb _builder_version=\u00bb4.16&#8243; width=\u00bb80px\u00bb module_alignment=\u00bbcenter\u00bb custom_margin=\u00bb||||false|false\u00bb custom_padding=\u00bb||||false|false\u00bb animation_style=\u00bbslide\u00bb animation_direction=\u00bbbottom\u00bb locked=\u00bboff\u00bb global_colors_info=\u00bb{}\u00bb][\/et_pb_divider][\/et_pb_column][\/et_pb_row][et_pb_row module_class=\u00bbno-zoom\u00bb _builder_version=\u00bb4.16&#8243; width=\u00bb100%\u00bb max_width=\u00bb1400px\u00bb custom_padding=\u00bb5px|||||\u00bb global_colors_info=\u00bb{}\u00bb][et_pb_column type=\u00bb4_4&#8243; _builder_version=\u00bb4.16&#8243; global_colors_info=\u00bb{}\u00bb][et_pb_image src=\u00bbhttps:\/\/icom.com.es\/wp-content\/uploads\/2020\/05\/map-en-1.jpg\u00bb title_text=\u00bbmap-en\u00bb _builder_version=\u00bb4.16&#8243; global_colors_info=\u00bb{}\u00bb][\/et_pb_image][\/et_pb_column][\/et_pb_row][et_pb_row _builder_version=\u00bb4.16&#8243; custom_padding=\u00bb6px|||||\u00bb global_colors_info=\u00bb{}\u00bb][et_pb_column type=\u00bb4_4&#8243; _builder_version=\u00bb4.16&#8243; global_colors_info=\u00bb{}\u00bb][et_pb_text _builder_version=\u00bb4.16&#8243; text_orientation=\u00bbcenter\u00bb global_colors_info=\u00bb{}\u00bb]<\/p>\n<p>\u00a0ICOM opera en Espa\u00f1a, Marruecos y \u00c1frica occidental a trav\u00e9s de entidades firmemente establecidas en sus territorios<\/p>\n<p>[\/et_pb_text][et_pb_button button_url=\u00bb@ET-DC@eyJkeW5hbWljIjp0cnVlLCJjb250ZW50IjoicG9zdF9saW5rX3VybF9wYWdlIiwic2V0dGluZ3MiOnsicG9zdF9pZCI6IjM5MiIsImVuYWJsZV9odG1sIjoib2ZmIn19@\u00bb button_text=\u00bbNUESTRAS UBICACIONES\u00bb button_alignment=\u00bbcenter\u00bb _builder_version=\u00bb4.16&#8243; _dynamic_attributes=\u00bbbutton_url\u00bb locked=\u00bboff\u00bb global_colors_info=\u00bb{}\u00bb][\/et_pb_button][\/et_pb_column][\/et_pb_row][\/et_pb_section][et_pb_section fb_built=\u00bb1&#8243; admin_label=\u00bbOur News\u00bb _builder_version=\u00bb4.16&#8243; background_color=\u00bb#f5f5f5&#8243; custom_padding=\u00bb||||false|false\u00bb collapsed=\u00bboff\u00bb global_colors_info=\u00bb{}\u00bb][et_pb_row _builder_version=\u00bb4.16&#8243; locked=\u00bboff\u00bb global_colors_info=\u00bb{}\u00bb][et_pb_column type=\u00bb4_4&#8243; _builder_version=\u00bb4.16&#8243; global_colors_info=\u00bb{}\u00bb][et_pb_text admin_label=\u00bbTitre\u00bb _builder_version=\u00bb4.16&#8243; header_font=\u00bb|300|||||||\u00bb header_text_color=\u00bb#0a2c71&#8243; header_3_font=\u00bb|300||on|||||\u00bb header_3_text_align=\u00bbcenter\u00bb header_3_text_color=\u00bb#0a2c71&#8243; header_3_font_size=\u00bb30px\u00bb custom_margin=\u00bb||0px||false|false\u00bb global_colors_info=\u00bb{}\u00bb]<\/p>\n<h3>Nuestras <strong>noticias<\/strong><\/h3>\n<p>[\/et_pb_text][et_pb_divider color=\u00bb#ae0531&#8243; divider_weight=\u00bb2px\u00bb _builder_version=\u00bb4.16&#8243; width=\u00bb80px\u00bb module_alignment=\u00bbcenter\u00bb custom_margin=\u00bb||||false|false\u00bb custom_padding=\u00bb||||false|false\u00bb animation_style=\u00bbslide\u00bb animation_direction=\u00bbbottom\u00bb locked=\u00bboff\u00bb global_colors_info=\u00bb{}\u00bb][\/et_pb_divider][\/et_pb_column][\/et_pb_row][et_pb_row _builder_version=\u00bb4.16&#8243; custom_padding=\u00bb||6px|||\u00bb global_colors_info=\u00bb{}\u00bb][et_pb_column type=\u00bb4_4&#8243; _builder_version=\u00bb4.16&#8243; global_colors_info=\u00bb{}\u00bb][et_pb_blog fullwidth=\u00bboff\u00bb posts_number=\u00bb3&#8243; include_categories=\u00bb1&#8243; meta_date=\u00bbj M Y\u00bb excerpt_length=\u00bb110&#8243; show_author=\u00bboff\u00bb show_date=\u00bboff\u00bb show_categories=\u00bboff\u00bb show_pagination=\u00bboff\u00bb _builder_version=\u00bb4.16&#8243; text_orientation=\u00bbcenter\u00bb custom_margin=\u00bb||-5px|||\u00bb global_colors_info=\u00bb{}\u00bb][\/et_pb_blog][\/et_pb_column][\/et_pb_row][et_pb_row _builder_version=\u00bb4.16&#8243; custom_padding=\u00bb9px|||||\u00bb global_colors_info=\u00bb{}\u00bb][et_pb_column type=\u00bb4_4&#8243; _builder_version=\u00bb4.16&#8243; global_colors_info=\u00bb{}\u00bb][et_pb_button button_url=\u00bb@ET-DC@eyJkeW5hbWljIjp0cnVlLCJjb250ZW50IjoicG9zdF9saW5rX3VybF9wYWdlIiwic2V0dGluZ3MiOnsicG9zdF9pZCI6IjM5IiwiZW5hYmxlX2h0bWwiOiJvZmYifX0=@\u00bb button_text=\u00bbtodas las noticias\u00bb button_alignment=\u00bbcenter\u00bb _builder_version=\u00bb4.16&#8243; _dynamic_attributes=\u00bbbutton_url\u00bb global_colors_info=\u00bb{}\u00bb][\/et_pb_button][\/et_pb_column][\/et_pb_row][\/et_pb_section][et_pb_section fb_built=\u00bb1&#8243; admin_label=\u00bbT\u00e9moignages\u00bb _builder_version=\u00bb4.16&#8243; custom_padding=\u00bb4px|||||\u00bb collapsed=\u00bboff\u00bb global_colors_info=\u00bb{}\u00bb][et_pb_row _builder_version=\u00bb4.16&#8243; custom_padding=\u00bb||25px|||\u00bb global_colors_info=\u00bb{}\u00bb][et_pb_column type=\u00bb4_4&#8243; _builder_version=\u00bb4.16&#8243; global_colors_info=\u00bb{}\u00bb][et_pb_text admin_label=\u00bbTitre\u00bb _builder_version=\u00bb4.16&#8243; header_font=\u00bb|300|||||||\u00bb header_text_color=\u00bb#0a2c71&#8243; header_3_font=\u00bb|300||on|||||\u00bb header_3_text_align=\u00bbcenter\u00bb header_3_text_color=\u00bb#0a2c71&#8243; header_3_font_size=\u00bb30px\u00bb header_3_line_height=\u00bb1.5em\u00bb custom_margin=\u00bb||0px||false|false\u00bb global_colors_info=\u00bb{}\u00bb]<\/p>\n<h3><strong>Testimonios<\/strong><\/h3>\n<p>[\/et_pb_text][et_pb_divider color=\u00bb#ae0531&#8243; divider_weight=\u00bb2px\u00bb _builder_version=\u00bb4.16&#8243; width=\u00bb80px\u00bb module_alignment=\u00bbcenter\u00bb custom_margin=\u00bb||||false|false\u00bb custom_padding=\u00bb||||false|false\u00bb animation_style=\u00bbslide\u00bb animation_direction=\u00bbbottom\u00bb locked=\u00bboff\u00bb global_colors_info=\u00bb{}\u00bb][\/et_pb_divider][\/et_pb_column][\/et_pb_row][et_pb_row column_structure=\u00bb1_3,1_3,1_3&#8243; _builder_version=\u00bb4.16&#8243; max_width=\u00bb1280px\u00bb global_colors_info=\u00bb{}\u00bb][et_pb_column type=\u00bb1_3&#8243; _builder_version=\u00bb4.16&#8243; global_colors_info=\u00bb{}\u00bb][et_pb_testimonial author=\u00bbAbdoulaye SADY\u00bb job_title=\u00bbCeo Tramar Company, Senegal\u00bb module_class=\u00bbsenegal-testimonial\u00bb _builder_version=\u00bb4.16&#8243; author_text_color=\u00bb#ae0531&#8243; position_font=\u00bb||on||||||\u00bb position_font_size=\u00bb14px\u00bb min_height=\u00bb310px\u00bb global_colors_info=\u00bb{}\u00bb]<\/p>\n<p>Me ha impresionado mucho su amabilidad y capacidad de respuesta. Me atrever\u00eda a decir que has establecido un punto de referencia en la atenci\u00f3n al cliente del que otras empresas podr\u00edan aprender mucho.<\/p>\n<p>[\/et_pb_testimonial][\/et_pb_column][et_pb_column type=\u00bb1_3&#8243; _builder_version=\u00bb4.16&#8243; global_colors_info=\u00bb{}\u00bb][et_pb_testimonial author=\u00bbMohammed EL MORER\u00bb job_title=\u00bbDirector Financiero Eurogrues Group, Marruecos\u00bb module_class=\u00bbmorocco-testimonial\u00bb _builder_version=\u00bb4.16&#8243; author_text_color=\u00bb#ae0531&#8243; position_font=\u00bb||on||||||\u00bb position_font_size=\u00bb14px\u00bb min_height=\u00bb310px\u00bb global_colors_info=\u00bb{}\u00bb]<\/p>\n<p>Hemos trabajado con ICOM durante varios a\u00f1os como proveedor de repuestos para nuestras gr\u00faas, plataformas y camiones. Elegimos a ICOM por la proactividad de sus equipos, la fiabilidad de su oferta y por el control de la log\u00edstica y los plazos de entrega. ICOM es m\u00e1s que un proveedor, es nuestro socio estrat\u00e9gico.<\/p>\n<p>[\/et_pb_testimonial][\/et_pb_column][et_pb_column type=\u00bb1_3&#8243; _builder_version=\u00bb4.16&#8243; global_colors_info=\u00bb{}\u00bb][et_pb_testimonial author=\u00bbOwuze Nwuche\u00bb job_title=\u00bbCEO Montego Company, Nigeria\u00bb module_class=\u00bbnigeria-testimonial\u00bb _builder_version=\u00bb4.16&#8243; author_text_color=\u00bb#ae0531&#8243; position_font=\u00bb||on||||||\u00bb position_font_size=\u00bb14px\u00bb min_height=\u00bb310px\u00bb global_colors_info=\u00bb{}\u00bb]<\/p>\n<p>ICOM ha sido magn\u00edfico. Su servicio al cliente es genial. Los chicos all\u00ed responden muy r\u00e1pidamente y van m\u00e1s all\u00e1 para ayudar.<\/p>\n<p>[\/et_pb_testimonial][\/et_pb_column][\/et_pb_row][\/et_pb_section][et_pb_section fb_built=\u00bb1&#8243; admin_label=\u00bbCTA\u00bb _builder_version=\u00bb4.16&#8243; background_color=\u00bbrgba(0,69,122,0.04)\u00bb background_image=\u00bbhttps:\/\/icom.com.es\/wp-content\/uploads\/2020\/04\/bg-cta.jpg\u00bb background_blend=\u00bbdarken\u00bb custom_margin=\u00bb0px||0px||true|false\u00bb custom_padding=\u00bb0px||0px||true|false\u00bb saved_tabs=\u00bball\u00bb collapsed=\u00bbon\u00bb global_colors_info=\u00bb{}\u00bb][et_pb_row _builder_version=\u00bb4.16&#8243; custom_margin=\u00bb0px||0px||true|false\u00bb custom_padding=\u00bb0px||0px||true|false\u00bb global_colors_info=\u00bb{}\u00bb][et_pb_column type=\u00bb4_4&#8243; _builder_version=\u00bb4.16&#8243; global_colors_info=\u00bb{}\u00bb][et_pb_cta title=\u00bbSoluciones adaptadas a sus necesidades !\u00bb button_url=\u00bb@ET-DC@eyJkeW5hbWljIjp0cnVlLCJjb250ZW50IjoicG9zdF9saW5rX3VybF9wYWdlIiwic2V0dGluZ3MiOnsicG9zdF9pZCI6Ijc0NyIsImVuYWJsZV9odG1sIjoib2ZmIn19@\u00bb button_text=\u00bbNuestras soluciones\u00bb admin_label=\u00bbCTA\u00bb _builder_version=\u00bb4.16&#8243; _dynamic_attributes=\u00bbbutton_url\u00bb background_enable_color=\u00bboff\u00bb background_enable_image=\u00bboff\u00bb background_blend=\u00bbdarken\u00bb custom_button=\u00bbon\u00bb button_text_color=\u00bb#ffffff\u00bb button_bg_color=\u00bb#ae0531&#8243; button_border_color=\u00bb#ae0531&#8243; custom_padding=\u00bb15vh||15vh||true|false\u00bb global_colors_info=\u00bb{}\u00bb]<\/p>\n<p>Explorar nuestras soluciones y encontrar la que mejor se adapte a sus necesidades<\/p>\n<p>[\/et_pb_cta][\/et_pb_column][\/et_pb_row][\/et_pb_section]<\/p>\n","protected":false},"excerpt":{"rendered":"<p>EQUIPamiento USADO\u00a0PARA LA VENTAPRESENCIA MUNDIAL\u00a0\u00a0DESCUBRA NUESTRAS UBICACIONES\u00a0ICOM opera en Espa\u00f1a, Marruecos y \u00c1frica occidental a trav\u00e9s de entidades firmemente establecidas en sus territoriosNuestras noticiasTestimoniosMe ha impresionado mucho su amabilidad y capacidad de respuesta. Me atrever\u00eda a decir que has establecido un punto de referencia en la atenci\u00f3n al cliente del que otras empresas podr\u00edan aprender [&hellip;]<\/p>\n","protected":false},"author":5,"featured_media":0,"parent":0,"menu_order":1,"comment_status":"closed","ping_status":"closed","template":"","meta":{"_et_pb_use_builder":"on","_et_pb_old_content":"","_et_gb_content_width":"","footnotes":""},"class_list":["post-1070","page","type-page","status-publish","hentry"],"_links":{"self":[{"href":"https:\/\/icom.com.es\/es\/wp-json\/wp\/v2\/pages\/1070","targetHints":{"allow":["GET"]}}],"collection":[{"href":"https:\/\/icom.com.es\/es\/wp-json\/wp\/v2\/pages"}],"about":[{"href":"https:\/\/icom.com.es\/es\/wp-json\/wp\/v2\/types\/page"}],"author":[{"embeddable":true,"href":"https:\/\/icom.com.es\/es\/wp-json\/wp\/v2\/users\/5"}],"replies":[{"embeddable":true,"href":"https:\/\/icom.com.es\/es\/wp-json\/wp\/v2\/comments?post=1070"}],"version-history":[{"count":4,"href":"https:\/\/icom.com.es\/es\/wp-json\/wp\/v2\/pages\/1070\/revisions"}],"predecessor-version":[{"id":2022,"href":"https:\/\/icom.com.es\/es\/wp-json\/wp\/v2\/pages\/1070\/revisions\/2022"}],"wp:attachment":[{"href":"https:\/\/icom.com.es\/es\/wp-json\/wp\/v2\/media?parent=1070"}],"curies":[{"name":"wp","href":"https:\/\/api.w.org\/{rel}","templated":true}]}}