{"id":1021,"date":"2020-05-13T12:23:27","date_gmt":"2020-05-13T10:23:27","guid":{"rendered":"http:\/\/cloudces.myds.me\/reda\/icom\/used-equipment-3\/"},"modified":"2025-06-11T11:20:36","modified_gmt":"2025-06-11T09:20:36","slug":"materiel-doccasion","status":"publish","type":"page","link":"https:\/\/icom.com.es\/fr\/produits-services\/materiel-doccasion\/","title":{"rendered":"Mat\u00e9riel d&rsquo;occasion"},"content":{"rendered":"<p>[et_pb_section fb_built=\u00a0\u00bb1&Prime; admin_label=\u00a0\u00bbHeader\u00a0\u00bb _builder_version=\u00a0\u00bb4.16&Prime; background_enable_color=\u00a0\u00bboff\u00a0\u00bb background_image=\u00a0\u00bbhttps:\/\/icom.com.es\/wp-content\/uploads\/2020\/05\/bg-header-03.jpg\u00a0\u00bb saved_tabs=\u00a0\u00bball\u00a0\u00bb collapsed=\u00a0\u00bboff\u00a0\u00bb global_colors_info=\u00a0\u00bb{}\u00a0\u00bb][et_pb_row _builder_version=\u00a0\u00bb4.16&Prime; global_colors_info=\u00a0\u00bb{}\u00a0\u00bb][et_pb_column type=\u00a0\u00bb4_4&Prime; _builder_version=\u00a0\u00bb4.16&Prime; global_colors_info=\u00a0\u00bb{}\u00a0\u00bb][et_pb_text admin_label=\u00a0\u00bbProduct &#038; services\u00a0\u00bb _builder_version=\u00a0\u00bb4.16&Prime; header_font=\u00a0\u00bb|600||on|||||\u00a0\u00bb header_text_align=\u00a0\u00bbcenter\u00a0\u00bb header_font_size=\u00a0\u00bb40px\u00a0\u00bb background_layout=\u00a0\u00bbdark\u00a0\u00bb global_colors_info=\u00a0\u00bb{}\u00a0\u00bb]<\/p>\n<h1>Produits &amp; services<\/h1>\n<p>[\/et_pb_text][\/et_pb_column][\/et_pb_row][\/et_pb_section][et_pb_section fb_built=\u00a0\u00bb1&Prime; _builder_version=\u00a0\u00bb4.16&Prime; background_color=\u00a0\u00bbrgba(255,255,255,0.25)\u00a0\u00bb background_image=\u00a0\u00bbhttps:\/\/icom.com.es\/wp-content\/uploads\/2020\/05\/home-hero-bg-bleu.svg\u00a0\u00bb background_position=\u00a0\u00bbtop_center\u00a0\u00bb background_blend=\u00a0\u00bboverlay\u00a0\u00bb custom_padding=\u00a0\u00bb||30px|||\u00a0\u00bb global_colors_info=\u00a0\u00bb{}\u00a0\u00bb][et_pb_row column_structure=\u00a0\u00bb1_2,1_2&Prime; _builder_version=\u00a0\u00bb4.16&Prime; global_colors_info=\u00a0\u00bb{}\u00a0\u00bb][et_pb_column type=\u00a0\u00bb1_2&Prime; _builder_version=\u00a0\u00bb4.16&Prime; global_colors_info=\u00a0\u00bb{}\u00a0\u00bb][et_pb_image src=\u00a0\u00bbhttps:\/\/icom.com.es\/wp-content\/uploads\/2020\/05\/used-equipment-1.jpg\u00a0\u00bb title_text=\u00a0\u00bbused-equipment\u00a0\u00bb _builder_version=\u00a0\u00bb4.16&Prime; global_colors_info=\u00a0\u00bb{}\u00a0\u00bb][\/et_pb_image][\/et_pb_column][et_pb_column type=\u00a0\u00bb1_2&Prime; _builder_version=\u00a0\u00bb4.16&Prime; global_colors_info=\u00a0\u00bb{}\u00a0\u00bb][et_pb_text admin_label=\u00a0\u00bbTitre\u00a0\u00bb _builder_version=\u00a0\u00bb4.16&Prime; header_font=\u00a0\u00bb|300|||||||\u00a0\u00bb header_text_align=\u00a0\u00bbleft\u00a0\u00bb header_text_color=\u00a0\u00bb#0a2c71&Prime; header_3_font=\u00a0\u00bb|300||on|||||\u00a0\u00bb header_3_text_align=\u00a0\u00bbleft\u00a0\u00bb header_3_text_color=\u00a0\u00bb#0a2c71&Prime; header_3_font_size=\u00a0\u00bb30px\u00a0\u00bb header_3_line_height=\u00a0\u00bb1.5em\u00a0\u00bb header_4_font=\u00a0\u00bb|||on|||||\u00a0\u00bb header_4_text_align=\u00a0\u00bbcenter\u00a0\u00bb custom_margin=\u00a0\u00bb||0px||false|false\u00a0\u00bb global_colors_info=\u00a0\u00bb{}\u00a0\u00bb]<\/p>\n<h3>Mat\u00e9riel\u00a0<strong>d&rsquo;occasion<\/strong><\/h3>\n<p>[\/et_pb_text][et_pb_divider color=\u00a0\u00bb#ae0531&Prime; divider_weight=\u00a0\u00bb2px\u00a0\u00bb admin_label=\u00a0\u00bbS\u00e9parateur\u00a0\u00bb _builder_version=\u00a0\u00bb4.16&Prime; width=\u00a0\u00bb80px\u00a0\u00bb module_alignment=\u00a0\u00bbleft\u00a0\u00bb custom_margin=\u00a0\u00bb||||false|false\u00a0\u00bb custom_padding=\u00a0\u00bb||||false|false\u00a0\u00bb animation_style=\u00a0\u00bbslide\u00a0\u00bb animation_direction=\u00a0\u00bbbottom\u00a0\u00bb locked=\u00a0\u00bboff\u00a0\u00bb global_colors_info=\u00a0\u00bb{}\u00a0\u00bb][\/et_pb_divider][et_pb_text _builder_version=\u00a0\u00bb4.27.4&Prime; hover_enabled=\u00a0\u00bb0&Prime; global_colors_info=\u00a0\u00bb{}\u00a0\u00bb sticky_enabled=\u00a0\u00bb0&Prime;]<\/p>\n<p>ICOM peut fournir, depuis l&rsquo;Europe, tout type d&rsquo;\u00e9quipement de levage et de manutention d&rsquo;occasion : Grues, nacelles \u00e9l\u00e9vatrices, chariots \u00e9l\u00e9vateurs, camions &#8230; dans toute l&rsquo;Afrique.<\/p>\n<p>Contactez-nous pour en savoir plus sur nos \u00e9quipements.<\/p>\n<p>[\/et_pb_text][\/et_pb_column][\/et_pb_row][et_pb_row _builder_version=\u00a0\u00bb4.16&Prime; custom_padding=\u00a0\u00bb||25px|||\u00a0\u00bb global_colors_info=\u00a0\u00bb{}\u00a0\u00bb][et_pb_column type=\u00a0\u00bb4_4&Prime; _builder_version=\u00a0\u00bb4.16&Prime; global_colors_info=\u00a0\u00bb{}\u00a0\u00bb][et_pb_text admin_label=\u00a0\u00bbTitre\u00a0\u00bb _builder_version=\u00a0\u00bb4.16&Prime; header_font=\u00a0\u00bb|300|||||||\u00a0\u00bb header_text_color=\u00a0\u00bb#0a2c71&Prime; header_3_font=\u00a0\u00bb|300||on|||||\u00a0\u00bb header_3_text_align=\u00a0\u00bbcenter\u00a0\u00bb header_3_text_color=\u00a0\u00bb#0a2c71&Prime; header_3_font_size=\u00a0\u00bb30px\u00a0\u00bb header_3_line_height=\u00a0\u00bb1.5em\u00a0\u00bb custom_margin=\u00a0\u00bb||0px||false|false\u00a0\u00bb global_colors_info=\u00a0\u00bb{}\u00a0\u00bb]<\/p>\n<h3>D\u00e9couvrez<br \/><strong>Notre mat\u00e9riel d&rsquo;occasion \u00e0 vendre<\/strong><\/h3>\n<p>[\/et_pb_text][et_pb_divider color=\u00a0\u00bb#ae0531&Prime; divider_weight=\u00a0\u00bb2px\u00a0\u00bb _builder_version=\u00a0\u00bb4.16&Prime; width=\u00a0\u00bb80px\u00a0\u00bb module_alignment=\u00a0\u00bbcenter\u00a0\u00bb custom_margin=\u00a0\u00bb||||false|false\u00a0\u00bb custom_padding=\u00a0\u00bb||||false|false\u00a0\u00bb animation_style=\u00a0\u00bbslide\u00a0\u00bb animation_direction=\u00a0\u00bbbottom\u00a0\u00bb locked=\u00a0\u00bboff\u00a0\u00bb global_colors_info=\u00a0\u00bb{}\u00a0\u00bb][\/et_pb_divider][\/et_pb_column][\/et_pb_row][et_pb_row column_structure=\u00a0\u00bb1_3,1_3,1_3&Prime; _builder_version=\u00a0\u00bb4.16&Prime; global_colors_info=\u00a0\u00bb{}\u00a0\u00bb][et_pb_column type=\u00a0\u00bb1_3&Prime; _builder_version=\u00a0\u00bb4.16&Prime; global_colors_info=\u00a0\u00bb{}\u00a0\u00bb][et_pb_blurb title=\u00a0\u00bbGrues\u00a0\u00bb image=\u00a0\u00bbhttps:\/\/icom.com.es\/wp-content\/uploads\/2020\/05\/cranes-2.jpg\u00a0\u00bb admin_label=\u00a0\u00bbCranes\u00a0\u00bb _builder_version=\u00a0\u00bb4.27.4&Prime; header_text_align=\u00a0\u00bbcenter\u00a0\u00bb global_colors_info=\u00a0\u00bb{}\u00a0\u00bb][\/et_pb_blurb][\/et_pb_column][et_pb_column type=\u00a0\u00bb1_3&Prime; _builder_version=\u00a0\u00bb4.16&Prime; global_colors_info=\u00a0\u00bb{}\u00a0\u00bb][et_pb_blurb title=\u00a0\u00bbNacelles \u00e9l\u00e9vatrices \u00a0\u00bb image=\u00a0\u00bbhttps:\/\/icom.com.es\/wp-content\/uploads\/2020\/05\/Aerial-lift-1.jpg\u00a0\u00bb admin_label=\u00a0\u00bbAerial lift\u00a0\u00bb _builder_version=\u00a0\u00bb4.27.4&Prime; header_text_align=\u00a0\u00bbcenter\u00a0\u00bb global_colors_info=\u00a0\u00bb{}\u00a0\u00bb][\/et_pb_blurb][\/et_pb_column][et_pb_column type=\u00a0\u00bb1_3&Prime; _builder_version=\u00a0\u00bb4.16&Prime; global_colors_info=\u00a0\u00bb{}\u00a0\u00bb][et_pb_blurb title=\u00a0\u00bbChariots \u00e9l\u00e9vateurs\u00a0\u00bb image=\u00a0\u00bbhttps:\/\/icom.com.es\/wp-content\/uploads\/2020\/05\/Telehandlers.jpg\u00a0\u00bb admin_label=\u00a0\u00bbTelehandler\u00a0\u00bb _builder_version=\u00a0\u00bb4.27.4&Prime; header_text_align=\u00a0\u00bbcenter\u00a0\u00bb global_colors_info=\u00a0\u00bb{}\u00a0\u00bb][\/et_pb_blurb][\/et_pb_column][\/et_pb_row][et_pb_row column_structure=\u00a0\u00bb1_3,1_3,1_3&Prime; _builder_version=\u00a0\u00bb4.16&Prime; global_colors_info=\u00a0\u00bb{}\u00a0\u00bb][et_pb_column type=\u00a0\u00bb1_3&Prime; _builder_version=\u00a0\u00bb4.16&Prime; global_colors_info=\u00a0\u00bb{}\u00a0\u00bb][et_pb_blurb title=\u00a0\u00bbCamions\u00a0\u00bb image=\u00a0\u00bbhttps:\/\/icom.com.es\/wp-content\/uploads\/2020\/05\/trucks.jpg\u00a0\u00bb admin_label=\u00a0\u00bbCranes\u00a0\u00bb _builder_version=\u00a0\u00bb4.27.4&Prime; header_text_align=\u00a0\u00bbcenter\u00a0\u00bb global_colors_info=\u00a0\u00bb{}\u00a0\u00bb][\/et_pb_blurb][\/et_pb_column][et_pb_column type=\u00a0\u00bb1_3&Prime; _builder_version=\u00a0\u00bb4.16&Prime; global_colors_info=\u00a0\u00bb{}\u00a0\u00bb][\/et_pb_column][et_pb_column type=\u00a0\u00bb1_3&Prime; _builder_version=\u00a0\u00bb4.16&Prime; global_colors_info=\u00a0\u00bb{}\u00a0\u00bb][\/et_pb_column][\/et_pb_row][\/et_pb_section][et_pb_section fb_built=\u00a0\u00bb1&Prime; _builder_version=\u00a0\u00bb4.16&Prime; background_color=\u00a0\u00bb#f5f5f5&Prime; custom_padding=\u00a0\u00bb5vh||5vh||true|false\u00a0\u00bb top_divider_color=\u00a0\u00bb#ffffff\u00a0\u00bb global_colors_info=\u00a0\u00bb{}\u00a0\u00bb][et_pb_row _builder_version=\u00a0\u00bb4.16&Prime; custom_padding=\u00a0\u00bb||25px|||\u00a0\u00bb global_colors_info=\u00a0\u00bb{}\u00a0\u00bb][et_pb_column type=\u00a0\u00bb4_4&Prime; _builder_version=\u00a0\u00bb4.16&Prime; global_colors_info=\u00a0\u00bb{}\u00a0\u00bb][et_pb_text admin_label=\u00a0\u00bbTitre\u00a0\u00bb _builder_version=\u00a0\u00bb4.16&Prime; header_font=\u00a0\u00bb|300|||||||\u00a0\u00bb header_text_color=\u00a0\u00bb#0a2c71&Prime; header_3_font=\u00a0\u00bb|300||on|||||\u00a0\u00bb header_3_text_align=\u00a0\u00bbcenter\u00a0\u00bb header_3_text_color=\u00a0\u00bb#0a2c71&Prime; header_3_font_size=\u00a0\u00bb30px\u00a0\u00bb header_3_line_height=\u00a0\u00bb1.5em\u00a0\u00bb custom_margin=\u00a0\u00bb||0px||false|false\u00a0\u00bb global_colors_info=\u00a0\u00bb{}\u00a0\u00bb]<\/p>\n<h3>Contactez-<strong>Nous<\/strong><\/h3>\n<p>[\/et_pb_text][et_pb_divider color=\u00a0\u00bb#ae0531&Prime; divider_weight=\u00a0\u00bb2px\u00a0\u00bb _builder_version=\u00a0\u00bb4.16&Prime; width=\u00a0\u00bb80px\u00a0\u00bb module_alignment=\u00a0\u00bbcenter\u00a0\u00bb custom_margin=\u00a0\u00bb||||false|false\u00a0\u00bb custom_padding=\u00a0\u00bb||||false|false\u00a0\u00bb animation_style=\u00a0\u00bbslide\u00a0\u00bb animation_direction=\u00a0\u00bbbottom\u00a0\u00bb locked=\u00a0\u00bboff\u00a0\u00bb global_colors_info=\u00a0\u00bb{}\u00a0\u00bb][\/et_pb_divider][\/et_pb_column][\/et_pb_row][et_pb_row column_structure=\u00a0\u00bb1_4,1_4,1_4,1_4&Prime; module_class=\u00a0\u00bbcontact-icons\u00a0\u00bb _builder_version=\u00a0\u00bb4.16&Prime; global_colors_info=\u00a0\u00bb{}\u00a0\u00bb][et_pb_column type=\u00a0\u00bb1_4&Prime; _builder_version=\u00a0\u00bb4.16&Prime; global_colors_info=\u00a0\u00bb{}\u00a0\u00bb][et_pb_blurb title=\u00a0\u00bbMaroc\u00a0\u00bb use_icon=\u00a0\u00bbon\u00a0\u00bb font_icon=\u00a0\u00bb&#xe090;||divi||400&Prime; icon_color=\u00a0\u00bb#ae0531&Prime; image_icon_width=\u00a0\u00bb25px\u00a0\u00bb _builder_version=\u00a0\u00bb4.16&Prime; text_orientation=\u00a0\u00bbcenter\u00a0\u00bb custom_margin=\u00a0\u00bb||||false|false\u00a0\u00bb custom_padding=\u00a0\u00bb||||false|false\u00a0\u00bb animation_style=\u00a0\u00bbslide\u00a0\u00bb animation_direction=\u00a0\u00bbbottom\u00a0\u00bb animation_intensity_slide=\u00a0\u00bb10%\u00a0\u00bb animation=\u00a0\u00bboff\u00a0\u00bb icon_font_size=\u00a0\u00bb25px\u00a0\u00bb global_colors_info=\u00a0\u00bb{}\u00a0\u00bb]<\/p>\n<p>\u00a0+212 6 61 05 37 53<\/p>\n<p>[\/et_pb_blurb][\/et_pb_column][et_pb_column type=\u00a0\u00bb1_4&Prime; _builder_version=\u00a0\u00bb4.16&Prime; global_colors_info=\u00a0\u00bb{}\u00a0\u00bb][et_pb_blurb title=\u00a0\u00bbS\u00e9n\u00e9gal\u00a0\u00bb use_icon=\u00a0\u00bbon\u00a0\u00bb font_icon=\u00a0\u00bb&#xe090;||divi||400&Prime; icon_color=\u00a0\u00bb#ae0531&Prime; image_icon_width=\u00a0\u00bb25px\u00a0\u00bb _builder_version=\u00a0\u00bb4.16&Prime; text_orientation=\u00a0\u00bbcenter\u00a0\u00bb custom_margin=\u00a0\u00bb||||false|false\u00a0\u00bb custom_padding=\u00a0\u00bb||||false|false\u00a0\u00bb animation_style=\u00a0\u00bbslide\u00a0\u00bb animation_direction=\u00a0\u00bbbottom\u00a0\u00bb animation_intensity_slide=\u00a0\u00bb10%\u00a0\u00bb animation=\u00a0\u00bboff\u00a0\u00bb icon_font_size=\u00a0\u00bb25px\u00a0\u00bb global_colors_info=\u00a0\u00bb{}\u00a0\u00bb]<\/p>\n<p> +221 777 98 24 58 <\/p>\n<p>[\/et_pb_blurb][\/et_pb_column][et_pb_column type=\u00a0\u00bb1_4&Prime; _builder_version=\u00a0\u00bb4.16&Prime; global_colors_info=\u00a0\u00bb{}\u00a0\u00bb][et_pb_blurb title=\u00a0\u00bbMauritanie\u00a0\u00bb use_icon=\u00a0\u00bbon\u00a0\u00bb font_icon=\u00a0\u00bb&#xe090;||divi||400&Prime; icon_color=\u00a0\u00bb#ae0531&Prime; image_icon_width=\u00a0\u00bb25px\u00a0\u00bb _builder_version=\u00a0\u00bb4.16&Prime; text_orientation=\u00a0\u00bbcenter\u00a0\u00bb custom_margin=\u00a0\u00bb||||false|false\u00a0\u00bb custom_padding=\u00a0\u00bb||||false|false\u00a0\u00bb animation_style=\u00a0\u00bbslide\u00a0\u00bb animation_direction=\u00a0\u00bbbottom\u00a0\u00bb animation_intensity_slide=\u00a0\u00bb10%\u00a0\u00bb animation=\u00a0\u00bboff\u00a0\u00bb icon_font_size=\u00a0\u00bb25px\u00a0\u00bb global_colors_info=\u00a0\u00bb{}\u00a0\u00bb]<\/p>\n<p>+222 49 84 49 81<\/p>\n<p>[\/et_pb_blurb][\/et_pb_column][et_pb_column type=\u00a0\u00bb1_4&Prime; _builder_version=\u00a0\u00bb4.16&Prime; global_colors_info=\u00a0\u00bb{}\u00a0\u00bb][et_pb_blurb title=\u00a0\u00bbE-mail \u00a0\u00bb use_icon=\u00a0\u00bbon\u00a0\u00bb font_icon=\u00a0\u00bb&#xe076;||divi||400&Prime; icon_color=\u00a0\u00bb#ae0531&Prime; image_icon_width=\u00a0\u00bb25px\u00a0\u00bb module_class=\u00a0\u00bbmailto\u00a0\u00bb _builder_version=\u00a0\u00bb4.16&Prime; text_orientation=\u00a0\u00bbcenter\u00a0\u00bb custom_margin=\u00a0\u00bb||||false|false\u00a0\u00bb custom_padding=\u00a0\u00bb||||false|false\u00a0\u00bb animation_style=\u00a0\u00bbslide\u00a0\u00bb animation_direction=\u00a0\u00bbbottom\u00a0\u00bb animation_intensity_slide=\u00a0\u00bb10%\u00a0\u00bb animation=\u00a0\u00bboff\u00a0\u00bb icon_font_size=\u00a0\u00bb25px\u00a0\u00bb global_colors_info=\u00a0\u00bb{}\u00a0\u00bb]<\/p>\n<a href=\"mailto:sa&#108;es&#64;i&#99;&#111;m.&#99;&#111;m&#46;&#101;s\">sal&#101;&#115;&#64;&#105;&#99;om&#46;c&#111;m&#46;&#101;&#115;<\/a>\n<p>[\/et_pb_blurb][\/et_pb_column][\/et_pb_row][\/et_pb_section][et_pb_section fb_built=\u00a0\u00bb1&Prime; admin_label=\u00a0\u00bbCTA\u00a0\u00bb _builder_version=\u00a0\u00bb4.16&Prime; background_color=\u00a0\u00bbrgba(0,69,122,0.04)\u00a0\u00bb background_image=\u00a0\u00bbhttps:\/\/icom.com.es\/wp-content\/uploads\/2020\/04\/bg-cta.jpg\u00a0\u00bb background_blend=\u00a0\u00bbdarken\u00a0\u00bb custom_margin=\u00a0\u00bb0px||0px||true|false\u00a0\u00bb custom_padding=\u00a0\u00bb0px||0px||true|false\u00a0\u00bb saved_tabs=\u00a0\u00bball\u00a0\u00bb collapsed=\u00a0\u00bboff\u00a0\u00bb global_colors_info=\u00a0\u00bb{}\u00a0\u00bb][et_pb_row _builder_version=\u00a0\u00bb4.16&Prime; custom_margin=\u00a0\u00bb0px||0px||true|false\u00a0\u00bb custom_padding=\u00a0\u00bb0px||0px||true|false\u00a0\u00bb global_colors_info=\u00a0\u00bb{}\u00a0\u00bb][et_pb_column type=\u00a0\u00bb4_4&Prime; _builder_version=\u00a0\u00bb4.16&Prime; global_colors_info=\u00a0\u00bb{}\u00a0\u00bb][et_pb_cta title=\u00a0\u00bbUne demande ou un besoin sp\u00e9cifique ?\u00a0\u00bb button_url=\u00a0\u00bb@ET-DC@eyJkeW5hbWljIjp0cnVlLCJjb250ZW50IjoicG9zdF9saW5rX3VybF9wYWdlIiwic2V0dGluZ3MiOnsicG9zdF9pZCI6IjQwIn19@\u00a0\u00bb button_text=\u00a0\u00bbContactez-nous\u00a0\u00bb admin_label=\u00a0\u00bbCTA\u00a0\u00bb _builder_version=\u00a0\u00bb4.16&Prime; _dynamic_attributes=\u00a0\u00bbbutton_url\u00a0\u00bb background_enable_color=\u00a0\u00bboff\u00a0\u00bb background_enable_image=\u00a0\u00bboff\u00a0\u00bb background_blend=\u00a0\u00bbdarken\u00a0\u00bb custom_button=\u00a0\u00bbon\u00a0\u00bb button_text_color=\u00a0\u00bb#ffffff\u00a0\u00bb button_bg_color=\u00a0\u00bb#ae0531&Prime; button_border_color=\u00a0\u00bb#ae0531&Prime; custom_padding=\u00a0\u00bb15vh||15vh||true|false\u00a0\u00bb global_colors_info=\u00a0\u00bb{}\u00a0\u00bb]<\/p>\n<p>L&rsquo;\u00e9quipe ICOM est \u00e0 votre disposition<\/p>\n<p>[\/et_pb_cta][\/et_pb_column][\/et_pb_row][\/et_pb_section]<\/p>\n","protected":false},"excerpt":{"rendered":"<p>Produits &amp; servicesMat\u00e9riel\u00a0d&rsquo;occasionICOM peut fournir, depuis l&rsquo;Europe, tout type d&rsquo;\u00e9quipement de levage et de manutention d&rsquo;occasion : Grues, nacelles \u00e9l\u00e9vatrices, chariots \u00e9l\u00e9vateurs, camions &#8230; dans toute l&rsquo;Afrique. Contactez-nous pour en savoir plus sur nos \u00e9quipements.D\u00e9couvrezNotre mat\u00e9riel d&rsquo;occasion \u00e0 vendreContactez-Nous\u00a0+212 6 61 05 37 53 +221 777 98 24 58 +222 49 84 49 81<a href=\"mailto:s&#97;&#108;&#101;s&#64;&#105;&#99;om.c&#111;&#109;&#46;&#101;s\">&#115;&#97;&#108;&#101;s&#64;i&#99;&#111;&#109;.com&#46;&#101;&#115;<\/a>L&rsquo;\u00e9quipe ICOM [&hellip;]<\/p>\n","protected":false},"author":5,"featured_media":0,"parent":1001,"menu_order":16,"comment_status":"closed","ping_status":"closed","template":"","meta":{"_et_pb_use_builder":"on","_et_pb_old_content":"","_et_gb_content_width":"","footnotes":""},"class_list":["post-1021","page","type-page","status-publish","hentry"],"_links":{"self":[{"href":"https:\/\/icom.com.es\/fr\/wp-json\/wp\/v2\/pages\/1021","targetHints":{"allow":["GET"]}}],"collection":[{"href":"https:\/\/icom.com.es\/fr\/wp-json\/wp\/v2\/pages"}],"about":[{"href":"https:\/\/icom.com.es\/fr\/wp-json\/wp\/v2\/types\/page"}],"author":[{"embeddable":true,"href":"https:\/\/icom.com.es\/fr\/wp-json\/wp\/v2\/users\/5"}],"replies":[{"embeddable":true,"href":"https:\/\/icom.com.es\/fr\/wp-json\/wp\/v2\/comments?post=1021"}],"version-history":[{"count":2,"href":"https:\/\/icom.com.es\/fr\/wp-json\/wp\/v2\/pages\/1021\/revisions"}],"predecessor-version":[{"id":2044,"href":"https:\/\/icom.com.es\/fr\/wp-json\/wp\/v2\/pages\/1021\/revisions\/2044"}],"up":[{"embeddable":true,"href":"https:\/\/icom.com.es\/fr\/wp-json\/wp\/v2\/pages\/1001"}],"wp:attachment":[{"href":"https:\/\/icom.com.es\/fr\/wp-json\/wp\/v2\/media?parent=1021"}],"curies":[{"name":"wp","href":"https:\/\/api.w.org\/{rel}","templated":true}]}}